{"id":143,"date":"2016-06-20T07:48:11","date_gmt":"2016-06-20T07:48:11","guid":{"rendered":"http:\/\/sw-themes.com\/porto_dummy\/?page_id=143"},"modified":"2023-08-21T00:21:13","modified_gmt":"2023-08-21T00:21:13","slug":"home","status":"publish","type":"page","link":"https:\/\/www.jcicdp.org\/es\/","title":{"rendered":"Inicio"},"content":{"rendered":"<div class=\"wpb-content-wrapper\"><p>[vc_row][vc_column][\/vc_column][\/vc_row][vc_row wrap_container=\u00bbyes\u00bb is_section=\u00bbyes\u00bb section_skin=\u00bbparallax\u00bb remove_margin_top=\u00bbyes\u00bb remove_margin_bottom=\u00bbyes\u00bb][vc_column width=\u00bb1\/4&#8243;][vc_single_image image=\u00bb542&#8243; img_size=\u00bb255&#215;104&#8243; el_class=\u00bbm-b-md\u00bb][\/vc_column][vc_column width=\u00bb3\/4&#8243;][vc_custom_heading text=\u00bbSobre <strong>JCI De La Ciudad de Panam\u00e1<\/strong>\u00bb use_theme_fonts=\u00bbyes\u00bb el_class=\u00bbm-b-md\u00bb][vc_column_text]<\/p>\n<p style=\"text-align: justify;\"><span lang=\"EN-US\">El 16 de marzo de 1943 se constituye una Junta Directiva provisional y el <i><u>23 de mayo de 1943<\/u><\/i> se constituye definitivamente la primera Junta Directiva y as\u00ed la primera Organizaci\u00f3n Local llamada en aquel entonces C\u00e1mara Junior De La Ciudad de Panam\u00e1. <a href=\"http:\/\/www.jcicdp.org\/es\/conocenos\/\">Leer m\u00e1s&#8230;<\/a><\/span><\/p>\n<p>[\/vc_column_text][\/vc_column][\/vc_row][vc_row wrap_container=\u00bbyes\u00bb is_section=\u00bbyes\u00bb section_skin=\u00bbparallax\u00bb remove_margin_top=\u00bbyes\u00bb remove_margin_bottom=\u00bbyes\u00bb bg_type=\u00bbbg_color\u00bb bg_color_value=\u00bb#f2f2f2&#8243;][vc_column width=\u00bb1\/2&#8243;][vc_single_image image=\u00bb695&#8243; img_size=\u00bbfull\u00bb alignment=\u00bbcenter\u00bb][\/vc_column][vc_column width=\u00bb1\/2&#8243;][vc_custom_heading text=\u00bbSomos un movimiento de <strong>j\u00f3venes ciudadanos activos<\/strong>\u00bb use_theme_fonts=\u00bbyes\u00bb el_class=\u00bbm-b-md\u00bb][vc_column_text]<\/p>\n<p style=\"text-align: justify;\">De entre 18 y 40 a\u00f1os dedicados a crear un cambios positivos en nuestras comunidades de todo el mundo. En m\u00e1s de 5000 comunidades de casi 120 pa\u00edses, nuestros miembros son reconocidos por adoptar nuevas ideas, colaboraci\u00f3n y diversidad.<\/p>\n<p style=\"text-align: justify;\">Demostramos pasi\u00f3n y valor para abordar los desaf\u00edos m\u00e1s cr\u00edticos de nuestra \u00e9poca.<\/p>\n<p>[\/vc_column_text][vc_single_image image=\u00bb862&#8243; img_size=\u00bbmedium\u00bb alignment=\u00bbcenter\u00bb][\/vc_column][\/vc_row][vc_row wrap_container=\u00bbyes\u00bb is_section=\u00bbyes\u00bb remove_margin_top=\u00bbyes\u00bb remove_margin_bottom=\u00bbyes\u00bb remove_padding_bottom=\u00bbyes\u00bb bg_type=\u00bbbg_color\u00bb bg_color_value=\u00bb#ffffff\u00bb][vc_column][vc_custom_heading text=\u00bbJunta Directiva <strong>Local 2021<\/strong>\u00bb font_container=\u00bbtag:h2|text_align:center\u00bb use_theme_fonts=\u00bbyes\u00bb][vc_btn title=\u00bbConoce a los <b>Socios<\/b>\u00bb style=\u00bbgradient-custom\u00bb gradient_custom_color_1=\u00bb#44c7f3&#8243; gradient_custom_color_2=\u00bb#038cd0&#8243; size=\u00bbxl\u00bb align=\u00bbcenter\u00bb link=\u00bburl:http%3A%2F%2Fwww.jcicdp.org%2Fes%2Fmember%2F|||\u00bb]<div class=\"ult-spacer spacer-69f202fe6438c\" data-id=\"69f202fe6438c\" data-height=\"10\" data-height-mobile=\"10\" data-height-tab=\"10\" data-height-tab-portrait=\"10\" data-height-mobile-landscape=\"10\" style=\"clear:both;display:block;\"><\/div>[\/vc_column][\/vc_row][vc_row parallax=\u00bbcontent-moving\u00bb parallax_image=\u00bb692&#8243; parallax_speed_bg=\u00bb2&#8243; wrap_container=\u00bbyes\u00bb is_section=\u00bbyes\u00bb section_skin=\u00bbparallax\u00bb remove_margin_top=\u00bbyes\u00bb remove_margin_bottom=\u00bbyes\u00bb][vc_column width=\u00bb1\/12&#8243;][\/vc_column][vc_column width=\u00bb5\/6&#8243;]<div class=\"porto-carousel owl-carousel has-ccols ccols-xl-1 ccols-lg-1 ccols-md-1 ccols-sm-1 ccols-1 wpb_custom_c86c2fb53cae9eced42d4b8900a042f3\" data-plugin-options=\"{&quot;themeConfig&quot;:true,&quot;stagePadding&quot;:0,&quot;margin&quot;:0,&quot;autoplay&quot;:&quot;yes&quot;,&quot;mouseDrag&quot;:true,&quot;touchDrag&quot;:true,&quot;autoplayTimeout&quot;:8000,&quot;autoplayHoverPause&quot;:false,&quot;items&quot;:1,&quot;xl&quot;:1,&quot;lg&quot;:1,&quot;md&quot;:1,&quot;sm&quot;:1,&quot;xs&quot;:1,&quot;nav&quot;:false,&quot;dots&quot;:&quot;yes&quot;,&quot;animateIn&quot;:&quot;&quot;,&quot;animateOut&quot;:&quot;&quot;,&quot;loop&quot;:&quot;yes&quot;,&quot;center&quot;:false,&quot;video&quot;:false,&quot;lazyLoad&quot;:false,&quot;fullscreen&quot;:false}\"><div class=\"porto-testimonial wpb_content_element   wpb_custom_4760b66c0cbf51ec9a7673f3785bca75\"><div class=\"testimonial testimonial-style-2 testimonial-with-quotes testimonial-light\"><blockquote class=\"testimonial-carousel white\"><p><strong>JCI<\/strong> la mejor experiencia a nivel integral, desarrollo personal al m\u00e1ximo; es una familia mas para el ser humano que incursiona en ella; por siempre la llevar\u00e9 en el coraz\u00f3n y repito la frase que me cal\u00f3 <em><strong>\u00abServir a la humanidad es la mejor obra de una vida\u00bb<\/strong><\/em>.<\/p><\/blockquote><div class=\"testimonial-author\"><p><strong>Liliana Gord\u00f3n<\/strong><span>Presidenta Local 2004 | Senadora 71741 - JCI De La Ciudad de Panam\u00e1<\/span><\/p><\/div><\/div><\/div><div class=\"porto-testimonial wpb_content_element   wpb_custom_4760b66c0cbf51ec9a7673f3785bca75\"><div class=\"testimonial testimonial-style-2 testimonial-with-quotes testimonial-light\"><blockquote class=\"testimonial-carousel white\"><p>\n<p style=\"text-align: justify;\">Como un mensaje a la <em><strong>juventud actual<\/strong><\/em>, quiero exhortarlos a que se involucren totalmente en esta grandiosa escuela de formaci\u00f3n de dirigentes. Hagan del civismo y el desarrollo personal el eslab\u00f3n principal de esa cadena de \u00e9xitos que les depara el destino, ya que solamente mediante la participaci\u00f3n en las reuniones, eventos y proyectos es que se logra la capacitaci\u00f3n <em><strong>y experiencia necesaria que les dar\u00e1 la oportunidad<\/strong><\/em> de obtener logros en su carrera junior en general y en su vida profesional.<\/p>\n<p><\/p><\/blockquote><div class=\"testimonial-author\"><p><strong>Gonzalo A. Justiniani R.<\/strong><span>Presidente Local 1987 | Senador 43466 - JCI De La Ciudad de Panam\u00e1<\/span><\/p><\/div><\/div><\/div><div class=\"porto-testimonial wpb_content_element   wpb_custom_4760b66c0cbf51ec9a7673f3785bca75\"><div class=\"testimonial testimonial-style-2 testimonial-with-quotes testimonial-light\"><blockquote class=\"testimonial-carousel white\"><p><strong>Ser parte de JCI<\/strong>, ha sido una experiencia excepcional en mi vida. Los roles desarrollados, y retos emprendidos, me ayudaron a redescubrirme, a desarrollar talentos desconocidos, a enaltecerme ayudando a los m\u00e1s necesitados. A trav\u00e9s del internacionalismo, aprend\u00ed la trascendencia de los procedimientos parlamentarios, compart\u00ed momentos inolvidables, hice grandes amistades.<\/p><\/blockquote><div class=\"testimonial-author\"><p><strong>Tricia Gonz\u00e1lez Chung<\/strong><span>Vicepresidenta 2013 - JCI De La Ciudad de Panam\u00e1<\/span><\/p><\/div><\/div><\/div><\/div>[\/vc_column][vc_column width=\u00bb1\/12&#8243;][\/vc_column][\/vc_row][vc_row wrap_container=\u00bbyes\u00bb is_section=\u00bbyes\u00bb section_skin=\u00bbparallax\u00bb remove_margin_top=\u00bbyes\u00bb remove_margin_bottom=\u00bbyes\u00bb][vc_column][vc_custom_heading text=\u00bbS\u00edguenos en <strong>Instagram<\/strong>\u00bb font_container=\u00bbtag:h2|text_align:center\u00bb use_theme_fonts=\u00bbyes\u00bb][vc_column_text]\n<div id=\"sb_instagram\"  class=\"sbi sbi_mob_col_1 sbi_tab_col_2 sbi_col_4\" style=\"padding-bottom: 10px; width: 100%;\"\t data-feedid=\"sbi_17841400205375563#20\"  data-res=\"auto\" data-cols=\"4\" data-colsmobile=\"1\" data-colstablet=\"2\" data-num=\"20\" data-nummobile=\"\" data-item-padding=\"5\"\t data-shortcode-atts=\"{&quot;showheader&quot;:&quot;false&quot;,&quot;num&quot;:&quot;12&quot;}\"  data-postid=\"143\" data-locatornonce=\"34222387d8\" data-imageaspectratio=\"1:1\" data-sbi-flags=\"favorLocal\">\n\t<div class=\"sb_instagram_header  sbi_no_avatar\"   >\n\t<a class=\"sbi_header_link\" target=\"_blank\" rel=\"nofollow noopener\" href=\"https:\/\/www.instagram.com\/jcicdepanama\/\" title=\"@jcicdepanama\">\n\t\t<div class=\"sbi_header_text sbi_no_bio\">\n\t\t\t<div class=\"sbi_header_img\">\n\t\t\t\t\n\t\t\t\t\t\t\t\t\t<div class=\"sbi_header_hashtag_icon\"  ><svg class=\"sbi_new_logo fa-instagram fa-w-14\" aria-hidden=\"true\" data-fa-processed=\"\" aria-label=\"Instagram\" data-prefix=\"fab\" data-icon=\"instagram\" role=\"img\" viewBox=\"0 0 448 512\">\n                    <path fill=\"currentColor\" d=\"M224.1 141c-63.6 0-114.9 51.3-114.9 114.9s51.3 114.9 114.9 114.9S339 319.5 339 255.9 287.7 141 224.1 141zm0 189.6c-41.1 0-74.7-33.5-74.7-74.7s33.5-74.7 74.7-74.7 74.7 33.5 74.7 74.7-33.6 74.7-74.7 74.7zm146.4-194.3c0 14.9-12 26.8-26.8 26.8-14.9 0-26.8-12-26.8-26.8s12-26.8 26.8-26.8 26.8 12 26.8 26.8zm76.1 27.2c-1.7-35.9-9.9-67.7-36.2-93.9-26.2-26.2-58-34.4-93.9-36.2-37-2.1-147.9-2.1-184.9 0-35.8 1.7-67.6 9.9-93.9 36.1s-34.4 58-36.2 93.9c-2.1 37-2.1 147.9 0 184.9 1.7 35.9 9.9 67.7 36.2 93.9s58 34.4 93.9 36.2c37 2.1 147.9 2.1 184.9 0 35.9-1.7 67.7-9.9 93.9-36.2 26.2-26.2 34.4-58 36.2-93.9 2.1-37 2.1-147.8 0-184.8zM398.8 388c-7.8 19.6-22.9 34.7-42.6 42.6-29.5 11.7-99.5 9-132.1 9s-102.7 2.6-132.1-9c-19.6-7.8-34.7-22.9-42.6-42.6-11.7-29.5-9-99.5-9-132.1s-2.6-102.7 9-132.1c7.8-19.6 22.9-34.7 42.6-42.6 29.5-11.7 99.5-9 132.1-9s102.7-2.6 132.1 9c19.6 7.8 34.7 22.9 42.6 42.6 11.7 29.5 9 99.5 9 132.1s2.7 102.7-9 132.1z\"><\/path>\n                <\/svg><\/div>\n\t\t\t\t\t\t\t<\/div>\n\n\t\t\t<div class=\"sbi_feedtheme_header_text\">\n\t\t\t\t<h3>jcicdepanama<\/h3>\n\t\t\t\t\t\t\t<\/div>\n\t\t<\/div>\n\t<\/a>\n<\/div>\n\n\t<div id=\"sbi_images\"  style=\"gap: 10px;\">\n\t\t<div class=\"sbi_item sbi_type_carousel sbi_new sbi_transition\"\n\tid=\"sbi_17980710214870056\" data-date=\"1673019896\">\n\t<div class=\"sbi_photo_wrap\">\n\t\t<a class=\"sbi_photo\" href=\"https:\/\/www.instagram.com\/p\/CnFEc1RO50Z\/\" target=\"_blank\" rel=\"noopener nofollow\" data-full-res=\"https:\/\/scontent-lax3-2.cdninstagram.com\/v\/t51.29350-15\/323978330_136576472331366_7635619683420751405_n.webp?stp=dst-jpg&#038;_nc_cat=108&#038;ccb=1-7&#038;_nc_sid=8ae9d6&#038;_nc_ohc=t6-Jj8wXy5UAX8yN4_y&#038;_nc_ht=scontent-lax3-2.cdninstagram.com&#038;edm=ANo9K5cEAAAA&#038;oh=00_AfBeq0pMN9nNnASvySkpMVfaoD-rJidiooAbpoKkTJpgHw&#038;oe=63CCA18D\" data-img-src-set=\"{&quot;d&quot;:&quot;https:\\\/\\\/scontent-lax3-2.cdninstagram.com\\\/v\\\/t51.29350-15\\\/323978330_136576472331366_7635619683420751405_n.webp?stp=dst-jpg&amp;_nc_cat=108&amp;ccb=1-7&amp;_nc_sid=8ae9d6&amp;_nc_ohc=t6-Jj8wXy5UAX8yN4_y&amp;_nc_ht=scontent-lax3-2.cdninstagram.com&amp;edm=ANo9K5cEAAAA&amp;oh=00_AfBeq0pMN9nNnASvySkpMVfaoD-rJidiooAbpoKkTJpgHw&amp;oe=63CCA18D&quot;,&quot;150&quot;:&quot;https:\\\/\\\/scontent-lax3-2.cdninstagram.com\\\/v\\\/t51.29350-15\\\/323978330_136576472331366_7635619683420751405_n.webp?stp=dst-jpg&amp;_nc_cat=108&amp;ccb=1-7&amp;_nc_sid=8ae9d6&amp;_nc_ohc=t6-Jj8wXy5UAX8yN4_y&amp;_nc_ht=scontent-lax3-2.cdninstagram.com&amp;edm=ANo9K5cEAAAA&amp;oh=00_AfBeq0pMN9nNnASvySkpMVfaoD-rJidiooAbpoKkTJpgHw&amp;oe=63CCA18D&quot;,&quot;320&quot;:&quot;https:\\\/\\\/scontent-lax3-2.cdninstagram.com\\\/v\\\/t51.29350-15\\\/323978330_136576472331366_7635619683420751405_n.webp?stp=dst-jpg&amp;_nc_cat=108&amp;ccb=1-7&amp;_nc_sid=8ae9d6&amp;_nc_ohc=t6-Jj8wXy5UAX8yN4_y&amp;_nc_ht=scontent-lax3-2.cdninstagram.com&amp;edm=ANo9K5cEAAAA&amp;oh=00_AfBeq0pMN9nNnASvySkpMVfaoD-rJidiooAbpoKkTJpgHw&amp;oe=63CCA18D&quot;,&quot;640&quot;:&quot;https:\\\/\\\/scontent-lax3-2.cdninstagram.com\\\/v\\\/t51.29350-15\\\/323978330_136576472331366_7635619683420751405_n.webp?stp=dst-jpg&amp;_nc_cat=108&amp;ccb=1-7&amp;_nc_sid=8ae9d6&amp;_nc_ohc=t6-Jj8wXy5UAX8yN4_y&amp;_nc_ht=scontent-lax3-2.cdninstagram.com&amp;edm=ANo9K5cEAAAA&amp;oh=00_AfBeq0pMN9nNnASvySkpMVfaoD-rJidiooAbpoKkTJpgHw&amp;oe=63CCA18D&quot;}\">\n\t\t\t<span class=\"sbi-screenreader\">Empezamos el a\u00f1o. Con toda la energ\u00eda y buena vibr<\/span>\n\t\t\t<svg class=\"svg-inline--fa fa-clone fa-w-16 sbi_lightbox_carousel_icon\" aria-hidden=\"true\" aria-label=\"Clone\" data-fa-pro\u0192cessed=\"\" data-prefix=\"far\" data-icon=\"clone\" role=\"img\" xmlns=\"http:\/\/www.w3.org\/2000\/svg\" viewBox=\"0 0 512 512\">\n                    <path fill=\"currentColor\" d=\"M464 0H144c-26.51 0-48 21.49-48 48v48H48c-26.51 0-48 21.49-48 48v320c0 26.51 21.49 48 48 48h320c26.51 0 48-21.49 48-48v-48h48c26.51 0 48-21.49 48-48V48c0-26.51-21.49-48-48-48zM362 464H54a6 6 0 0 1-6-6V150a6 6 0 0 1 6-6h42v224c0 26.51 21.49 48 48 48h224v42a6 6 0 0 1-6 6zm96-96H150a6 6 0 0 1-6-6V54a6 6 0 0 1 6-6h308a6 6 0 0 1 6 6v308a6 6 0 0 1-6 6z\"><\/path>\n                <\/svg>\t\t\t\t\t\t<img decoding=\"async\" src=\"https:\/\/www.jcicdp.org\/es\/wp-content\/plugins\/instagram-feed\/img\/placeholder.png\" alt=\"Empezamos el a\u00f1o. Con toda la energ\u00eda y buena vibra \ud83d\ude00.\n\nEste a\u00f1o celebramos 80 a\u00f1os, desde enero hasta diciembre para que puedas compartir con nosotros de la experiencia JCI.\n\nTe dejamos un abreboca de lo que haremos \ud83c\udf86\ud83c\udf86.\n\n#sembrandoexitos\n#WeAreJCI\" aria-hidden=\"true\">\n\t\t<\/a>\n\t<\/div>\n<\/div><div class=\"sbi_item sbi_type_carousel sbi_new sbi_transition\"\n\tid=\"sbi_17871478478808030\" data-date=\"1672415141\">\n\t<div class=\"sbi_photo_wrap\">\n\t\t<a class=\"sbi_photo\" href=\"https:\/\/www.instagram.com\/p\/CmzC-I9L-ur\/\" target=\"_blank\" rel=\"noopener nofollow\" data-full-res=\"https:\/\/scontent-lax3-2.cdninstagram.com\/v\/t51.29350-15\/321984409_3472601639630139_5687478632598001418_n.webp?stp=dst-jpg&#038;_nc_cat=100&#038;ccb=1-7&#038;_nc_sid=8ae9d6&#038;_nc_ohc=dCloH0Tp2-8AX_irR2N&#038;_nc_ht=scontent-lax3-2.cdninstagram.com&#038;edm=ANo9K5cEAAAA&#038;oh=00_AfC6_0WrfKQCpzbTLj9GKp6MTdhg-J36xBuIxd930voALA&#038;oe=63CCFF48\" data-img-src-set=\"{&quot;d&quot;:&quot;https:\\\/\\\/scontent-lax3-2.cdninstagram.com\\\/v\\\/t51.29350-15\\\/321984409_3472601639630139_5687478632598001418_n.webp?stp=dst-jpg&amp;_nc_cat=100&amp;ccb=1-7&amp;_nc_sid=8ae9d6&amp;_nc_ohc=dCloH0Tp2-8AX_irR2N&amp;_nc_ht=scontent-lax3-2.cdninstagram.com&amp;edm=ANo9K5cEAAAA&amp;oh=00_AfC6_0WrfKQCpzbTLj9GKp6MTdhg-J36xBuIxd930voALA&amp;oe=63CCFF48&quot;,&quot;150&quot;:&quot;https:\\\/\\\/scontent-lax3-2.cdninstagram.com\\\/v\\\/t51.29350-15\\\/321984409_3472601639630139_5687478632598001418_n.webp?stp=dst-jpg&amp;_nc_cat=100&amp;ccb=1-7&amp;_nc_sid=8ae9d6&amp;_nc_ohc=dCloH0Tp2-8AX_irR2N&amp;_nc_ht=scontent-lax3-2.cdninstagram.com&amp;edm=ANo9K5cEAAAA&amp;oh=00_AfC6_0WrfKQCpzbTLj9GKp6MTdhg-J36xBuIxd930voALA&amp;oe=63CCFF48&quot;,&quot;320&quot;:&quot;https:\\\/\\\/scontent-lax3-2.cdninstagram.com\\\/v\\\/t51.29350-15\\\/321984409_3472601639630139_5687478632598001418_n.webp?stp=dst-jpg&amp;_nc_cat=100&amp;ccb=1-7&amp;_nc_sid=8ae9d6&amp;_nc_ohc=dCloH0Tp2-8AX_irR2N&amp;_nc_ht=scontent-lax3-2.cdninstagram.com&amp;edm=ANo9K5cEAAAA&amp;oh=00_AfC6_0WrfKQCpzbTLj9GKp6MTdhg-J36xBuIxd930voALA&amp;oe=63CCFF48&quot;,&quot;640&quot;:&quot;https:\\\/\\\/scontent-lax3-2.cdninstagram.com\\\/v\\\/t51.29350-15\\\/321984409_3472601639630139_5687478632598001418_n.webp?stp=dst-jpg&amp;_nc_cat=100&amp;ccb=1-7&amp;_nc_sid=8ae9d6&amp;_nc_ohc=dCloH0Tp2-8AX_irR2N&amp;_nc_ht=scontent-lax3-2.cdninstagram.com&amp;edm=ANo9K5cEAAAA&amp;oh=00_AfC6_0WrfKQCpzbTLj9GKp6MTdhg-J36xBuIxd930voALA&amp;oe=63CCFF48&quot;}\">\n\t\t\t<span class=\"sbi-screenreader\">Diciembre es un mes para compartir, as\u00ed fue nuestr<\/span>\n\t\t\t<svg class=\"svg-inline--fa fa-clone fa-w-16 sbi_lightbox_carousel_icon\" aria-hidden=\"true\" aria-label=\"Clone\" data-fa-pro\u0192cessed=\"\" data-prefix=\"far\" data-icon=\"clone\" role=\"img\" xmlns=\"http:\/\/www.w3.org\/2000\/svg\" viewBox=\"0 0 512 512\">\n                    <path fill=\"currentColor\" d=\"M464 0H144c-26.51 0-48 21.49-48 48v48H48c-26.51 0-48 21.49-48 48v320c0 26.51 21.49 48 48 48h320c26.51 0 48-21.49 48-48v-48h48c26.51 0 48-21.49 48-48V48c0-26.51-21.49-48-48-48zM362 464H54a6 6 0 0 1-6-6V150a6 6 0 0 1 6-6h42v224c0 26.51 21.49 48 48 48h224v42a6 6 0 0 1-6 6zm96-96H150a6 6 0 0 1-6-6V54a6 6 0 0 1 6-6h308a6 6 0 0 1 6 6v308a6 6 0 0 1-6 6z\"><\/path>\n                <\/svg>\t\t\t\t\t\t<img decoding=\"async\" src=\"https:\/\/www.jcicdp.org\/es\/wp-content\/plugins\/instagram-feed\/img\/placeholder.png\" alt=\"Diciembre es un mes para compartir, as\u00ed fue nuestra \u00faltima reuni\u00f3n del a\u00f1o, donde disfrutamos todos juntos la llegada del esp\u00edritu de la navidad \u2764\ufe0f\u2728\ud83e\udd17.\n\nEsperamos todos juntos que disfruten un feliz a\u00f1o, gracias por seguirnos y apoyar las actividades que impactan en la vida de muchas personas.\n\n#JCI \n#WeAreJCI \n#DesarrollamosLideres\n#Nuestrodeberesliderar\" aria-hidden=\"true\">\n\t\t<\/a>\n\t<\/div>\n<\/div><div class=\"sbi_item sbi_type_carousel sbi_new sbi_transition\"\n\tid=\"sbi_17966947892309121\" data-date=\"1672414966\">\n\t<div class=\"sbi_photo_wrap\">\n\t\t<a class=\"sbi_photo\" href=\"https:\/\/www.instagram.com\/p\/CmzCo0LLDNr\/\" target=\"_blank\" rel=\"noopener nofollow\" data-full-res=\"https:\/\/scontent-lax3-2.cdninstagram.com\/v\/t51.29350-15\/322512880_1644286172696564_498796993638884157_n.webp?stp=dst-jpg&#038;_nc_cat=100&#038;ccb=1-7&#038;_nc_sid=8ae9d6&#038;_nc_ohc=xUCcmfvzTD4AX-tnGBx&#038;_nc_ht=scontent-lax3-2.cdninstagram.com&#038;edm=ANo9K5cEAAAA&#038;oh=00_AfB_DhGY2eBkdneVvQlK11ruEkvaAY4OKwfVRlb3UStl4w&#038;oe=63CB97BA\" data-img-src-set=\"{&quot;d&quot;:&quot;https:\\\/\\\/scontent-lax3-2.cdninstagram.com\\\/v\\\/t51.29350-15\\\/322512880_1644286172696564_498796993638884157_n.webp?stp=dst-jpg&amp;_nc_cat=100&amp;ccb=1-7&amp;_nc_sid=8ae9d6&amp;_nc_ohc=xUCcmfvzTD4AX-tnGBx&amp;_nc_ht=scontent-lax3-2.cdninstagram.com&amp;edm=ANo9K5cEAAAA&amp;oh=00_AfB_DhGY2eBkdneVvQlK11ruEkvaAY4OKwfVRlb3UStl4w&amp;oe=63CB97BA&quot;,&quot;150&quot;:&quot;https:\\\/\\\/scontent-lax3-2.cdninstagram.com\\\/v\\\/t51.29350-15\\\/322512880_1644286172696564_498796993638884157_n.webp?stp=dst-jpg&amp;_nc_cat=100&amp;ccb=1-7&amp;_nc_sid=8ae9d6&amp;_nc_ohc=xUCcmfvzTD4AX-tnGBx&amp;_nc_ht=scontent-lax3-2.cdninstagram.com&amp;edm=ANo9K5cEAAAA&amp;oh=00_AfB_DhGY2eBkdneVvQlK11ruEkvaAY4OKwfVRlb3UStl4w&amp;oe=63CB97BA&quot;,&quot;320&quot;:&quot;https:\\\/\\\/scontent-lax3-2.cdninstagram.com\\\/v\\\/t51.29350-15\\\/322512880_1644286172696564_498796993638884157_n.webp?stp=dst-jpg&amp;_nc_cat=100&amp;ccb=1-7&amp;_nc_sid=8ae9d6&amp;_nc_ohc=xUCcmfvzTD4AX-tnGBx&amp;_nc_ht=scontent-lax3-2.cdninstagram.com&amp;edm=ANo9K5cEAAAA&amp;oh=00_AfB_DhGY2eBkdneVvQlK11ruEkvaAY4OKwfVRlb3UStl4w&amp;oe=63CB97BA&quot;,&quot;640&quot;:&quot;https:\\\/\\\/scontent-lax3-2.cdninstagram.com\\\/v\\\/t51.29350-15\\\/322512880_1644286172696564_498796993638884157_n.webp?stp=dst-jpg&amp;_nc_cat=100&amp;ccb=1-7&amp;_nc_sid=8ae9d6&amp;_nc_ohc=xUCcmfvzTD4AX-tnGBx&amp;_nc_ht=scontent-lax3-2.cdninstagram.com&amp;edm=ANo9K5cEAAAA&amp;oh=00_AfB_DhGY2eBkdneVvQlK11ruEkvaAY4OKwfVRlb3UStl4w&amp;oe=63CB97BA&quot;}\">\n\t\t\t<span class=\"sbi-screenreader\">Cerramos el a\u00f1o, llevando amor a familias de Buena<\/span>\n\t\t\t<svg class=\"svg-inline--fa fa-clone fa-w-16 sbi_lightbox_carousel_icon\" aria-hidden=\"true\" aria-label=\"Clone\" data-fa-pro\u0192cessed=\"\" data-prefix=\"far\" data-icon=\"clone\" role=\"img\" xmlns=\"http:\/\/www.w3.org\/2000\/svg\" viewBox=\"0 0 512 512\">\n                    <path fill=\"currentColor\" d=\"M464 0H144c-26.51 0-48 21.49-48 48v48H48c-26.51 0-48 21.49-48 48v320c0 26.51 21.49 48 48 48h320c26.51 0 48-21.49 48-48v-48h48c26.51 0 48-21.49 48-48V48c0-26.51-21.49-48-48-48zM362 464H54a6 6 0 0 1-6-6V150a6 6 0 0 1 6-6h42v224c0 26.51 21.49 48 48 48h224v42a6 6 0 0 1-6 6zm96-96H150a6 6 0 0 1-6-6V54a6 6 0 0 1 6-6h308a6 6 0 0 1 6 6v308a6 6 0 0 1-6 6z\"><\/path>\n                <\/svg>\t\t\t\t\t\t<img decoding=\"async\" src=\"https:\/\/www.jcicdp.org\/es\/wp-content\/plugins\/instagram-feed\/img\/placeholder.png\" alt=\"Cerramos el a\u00f1o, llevando amor a familias de Buena Vista en Cerro Azul \u2728\ud83e\udd17.\n\nFue una hermosa oportunidad de compartir con las familias, la esperanza que nos une en navidad \ud83c\udf32.\n\nGracias a los padrinos y madrinas, a los miembros que apoyaron la actividad \u2764\ufe0f\ud83c\udf84.\n\n#WeAreJCI\n#SumandoLideres\n#lideraresnuestrodeber\" aria-hidden=\"true\">\n\t\t<\/a>\n\t<\/div>\n<\/div><div class=\"sbi_item sbi_type_carousel sbi_new sbi_transition\"\n\tid=\"sbi_17902895720690070\" data-date=\"1669378741\">\n\t<div class=\"sbi_photo_wrap\">\n\t\t<a class=\"sbi_photo\" href=\"https:\/\/www.instagram.com\/p\/ClYjf5HOgfd\/\" target=\"_blank\" rel=\"noopener nofollow\" data-full-res=\"https:\/\/scontent-lax3-2.cdninstagram.com\/v\/t51.29350-15\/317220204_3156904957954273_2734411316340253226_n.webp?stp=dst-jpg&#038;_nc_cat=102&#038;ccb=1-7&#038;_nc_sid=8ae9d6&#038;_nc_ohc=wZCCaPBlTTwAX_ICoGb&#038;_nc_ht=scontent-lax3-2.cdninstagram.com&#038;edm=ANo9K5cEAAAA&#038;oh=00_AfBh7lblrX8u-udzPMIieR2viNis6evwt7QLh9-zUI8JOw&#038;oe=63CBA636\" data-img-src-set=\"{&quot;d&quot;:&quot;https:\\\/\\\/scontent-lax3-2.cdninstagram.com\\\/v\\\/t51.29350-15\\\/317220204_3156904957954273_2734411316340253226_n.webp?stp=dst-jpg&amp;_nc_cat=102&amp;ccb=1-7&amp;_nc_sid=8ae9d6&amp;_nc_ohc=wZCCaPBlTTwAX_ICoGb&amp;_nc_ht=scontent-lax3-2.cdninstagram.com&amp;edm=ANo9K5cEAAAA&amp;oh=00_AfBh7lblrX8u-udzPMIieR2viNis6evwt7QLh9-zUI8JOw&amp;oe=63CBA636&quot;,&quot;150&quot;:&quot;https:\\\/\\\/scontent-lax3-2.cdninstagram.com\\\/v\\\/t51.29350-15\\\/317220204_3156904957954273_2734411316340253226_n.webp?stp=dst-jpg&amp;_nc_cat=102&amp;ccb=1-7&amp;_nc_sid=8ae9d6&amp;_nc_ohc=wZCCaPBlTTwAX_ICoGb&amp;_nc_ht=scontent-lax3-2.cdninstagram.com&amp;edm=ANo9K5cEAAAA&amp;oh=00_AfBh7lblrX8u-udzPMIieR2viNis6evwt7QLh9-zUI8JOw&amp;oe=63CBA636&quot;,&quot;320&quot;:&quot;https:\\\/\\\/scontent-lax3-2.cdninstagram.com\\\/v\\\/t51.29350-15\\\/317220204_3156904957954273_2734411316340253226_n.webp?stp=dst-jpg&amp;_nc_cat=102&amp;ccb=1-7&amp;_nc_sid=8ae9d6&amp;_nc_ohc=wZCCaPBlTTwAX_ICoGb&amp;_nc_ht=scontent-lax3-2.cdninstagram.com&amp;edm=ANo9K5cEAAAA&amp;oh=00_AfBh7lblrX8u-udzPMIieR2viNis6evwt7QLh9-zUI8JOw&amp;oe=63CBA636&quot;,&quot;640&quot;:&quot;https:\\\/\\\/scontent-lax3-2.cdninstagram.com\\\/v\\\/t51.29350-15\\\/317220204_3156904957954273_2734411316340253226_n.webp?stp=dst-jpg&amp;_nc_cat=102&amp;ccb=1-7&amp;_nc_sid=8ae9d6&amp;_nc_ohc=wZCCaPBlTTwAX_ICoGb&amp;_nc_ht=scontent-lax3-2.cdninstagram.com&amp;edm=ANo9K5cEAAAA&amp;oh=00_AfBh7lblrX8u-udzPMIieR2viNis6evwt7QLh9-zUI8JOw&amp;oe=63CBA636&quot;}\">\n\t\t\t<span class=\"sbi-screenreader\">En d\u00edas pasados nuestra OL realiz\u00f3 el ejercicio el<\/span>\n\t\t\t<svg class=\"svg-inline--fa fa-clone fa-w-16 sbi_lightbox_carousel_icon\" aria-hidden=\"true\" aria-label=\"Clone\" data-fa-pro\u0192cessed=\"\" data-prefix=\"far\" data-icon=\"clone\" role=\"img\" xmlns=\"http:\/\/www.w3.org\/2000\/svg\" viewBox=\"0 0 512 512\">\n                    <path fill=\"currentColor\" d=\"M464 0H144c-26.51 0-48 21.49-48 48v48H48c-26.51 0-48 21.49-48 48v320c0 26.51 21.49 48 48 48h320c26.51 0 48-21.49 48-48v-48h48c26.51 0 48-21.49 48-48V48c0-26.51-21.49-48-48-48zM362 464H54a6 6 0 0 1-6-6V150a6 6 0 0 1 6-6h42v224c0 26.51 21.49 48 48 48h224v42a6 6 0 0 1-6 6zm96-96H150a6 6 0 0 1-6-6V54a6 6 0 0 1 6-6h308a6 6 0 0 1 6 6v308a6 6 0 0 1-6 6z\"><\/path>\n                <\/svg>\t\t\t\t\t\t<img decoding=\"async\" src=\"https:\/\/www.jcicdp.org\/es\/wp-content\/plugins\/instagram-feed\/img\/placeholder.png\" alt=\"En d\u00edas pasados nuestra OL realiz\u00f3 el ejercicio electoral de escogencia de su proxima Junta Directiva, siendo electa la miembro Yesenia Vargas como Presidenta Electa Local 2023. \u2728\u2728\n\nGracias al Comit\u00e9 Electoral liderizado por nuestra PPL @einalem2093, como Presidenta del C\u00f3mite; @rafaelpino19 Secretario y a?@marileymg_ como Vocal.\ud83d\udd25\ud83d\udd25\n\nAgradecemos tambi\u00e9n la asistencia de nuestros miembros por hacer parte de esta fiesta electoral.\ud83d\udc99\n\n#80a\u00f1ossembrandoexitos\n#Redefibetuliderazgo\ud83d\udc9a\" aria-hidden=\"true\">\n\t\t<\/a>\n\t<\/div>\n<\/div><div class=\"sbi_item sbi_type_carousel sbi_new sbi_transition\"\n\tid=\"sbi_17975608267872905\" data-date=\"1668429053\">\n\t<div class=\"sbi_photo_wrap\">\n\t\t<a class=\"sbi_photo\" href=\"https:\/\/www.instagram.com\/p\/Ck8QHQTOZ8b\/\" target=\"_blank\" rel=\"noopener nofollow\" data-full-res=\"https:\/\/scontent-lax3-2.cdninstagram.com\/v\/t51.29350-15\/315206232_409493141266430_3067825625005717341_n.webp?stp=dst-jpg&#038;_nc_cat=108&#038;ccb=1-7&#038;_nc_sid=8ae9d6&#038;_nc_ohc=N41hkr3fBBcAX8Z4HbR&#038;_nc_ht=scontent-lax3-2.cdninstagram.com&#038;edm=ANo9K5cEAAAA&#038;oh=00_AfAu3fRBvZi8DK-m5TcUm0T6YnOkaeO68NqRrsa1hnPMPQ&#038;oe=63CB1B67\" data-img-src-set=\"{&quot;d&quot;:&quot;https:\\\/\\\/scontent-lax3-2.cdninstagram.com\\\/v\\\/t51.29350-15\\\/315206232_409493141266430_3067825625005717341_n.webp?stp=dst-jpg&amp;_nc_cat=108&amp;ccb=1-7&amp;_nc_sid=8ae9d6&amp;_nc_ohc=N41hkr3fBBcAX8Z4HbR&amp;_nc_ht=scontent-lax3-2.cdninstagram.com&amp;edm=ANo9K5cEAAAA&amp;oh=00_AfAu3fRBvZi8DK-m5TcUm0T6YnOkaeO68NqRrsa1hnPMPQ&amp;oe=63CB1B67&quot;,&quot;150&quot;:&quot;https:\\\/\\\/scontent-lax3-2.cdninstagram.com\\\/v\\\/t51.29350-15\\\/315206232_409493141266430_3067825625005717341_n.webp?stp=dst-jpg&amp;_nc_cat=108&amp;ccb=1-7&amp;_nc_sid=8ae9d6&amp;_nc_ohc=N41hkr3fBBcAX8Z4HbR&amp;_nc_ht=scontent-lax3-2.cdninstagram.com&amp;edm=ANo9K5cEAAAA&amp;oh=00_AfAu3fRBvZi8DK-m5TcUm0T6YnOkaeO68NqRrsa1hnPMPQ&amp;oe=63CB1B67&quot;,&quot;320&quot;:&quot;https:\\\/\\\/scontent-lax3-2.cdninstagram.com\\\/v\\\/t51.29350-15\\\/315206232_409493141266430_3067825625005717341_n.webp?stp=dst-jpg&amp;_nc_cat=108&amp;ccb=1-7&amp;_nc_sid=8ae9d6&amp;_nc_ohc=N41hkr3fBBcAX8Z4HbR&amp;_nc_ht=scontent-lax3-2.cdninstagram.com&amp;edm=ANo9K5cEAAAA&amp;oh=00_AfAu3fRBvZi8DK-m5TcUm0T6YnOkaeO68NqRrsa1hnPMPQ&amp;oe=63CB1B67&quot;,&quot;640&quot;:&quot;https:\\\/\\\/scontent-lax3-2.cdninstagram.com\\\/v\\\/t51.29350-15\\\/315206232_409493141266430_3067825625005717341_n.webp?stp=dst-jpg&amp;_nc_cat=108&amp;ccb=1-7&amp;_nc_sid=8ae9d6&amp;_nc_ohc=N41hkr3fBBcAX8Z4HbR&amp;_nc_ht=scontent-lax3-2.cdninstagram.com&amp;edm=ANo9K5cEAAAA&amp;oh=00_AfAu3fRBvZi8DK-m5TcUm0T6YnOkaeO68NqRrsa1hnPMPQ&amp;oe=63CB1B67&quot;}\">\n\t\t\t<span class=\"sbi-screenreader\">Atenci\u00f3n como segundo a\u00f1o arrancamos con nuestra a<\/span>\n\t\t\t<svg class=\"svg-inline--fa fa-clone fa-w-16 sbi_lightbox_carousel_icon\" aria-hidden=\"true\" aria-label=\"Clone\" data-fa-pro\u0192cessed=\"\" data-prefix=\"far\" data-icon=\"clone\" role=\"img\" xmlns=\"http:\/\/www.w3.org\/2000\/svg\" viewBox=\"0 0 512 512\">\n                    <path fill=\"currentColor\" d=\"M464 0H144c-26.51 0-48 21.49-48 48v48H48c-26.51 0-48 21.49-48 48v320c0 26.51 21.49 48 48 48h320c26.51 0 48-21.49 48-48v-48h48c26.51 0 48-21.49 48-48V48c0-26.51-21.49-48-48-48zM362 464H54a6 6 0 0 1-6-6V150a6 6 0 0 1 6-6h42v224c0 26.51 21.49 48 48 48h224v42a6 6 0 0 1-6 6zm96-96H150a6 6 0 0 1-6-6V54a6 6 0 0 1 6-6h308a6 6 0 0 1 6 6v308a6 6 0 0 1-6 6z\"><\/path>\n                <\/svg>\t\t\t\t\t\t<img decoding=\"async\" src=\"https:\/\/www.jcicdp.org\/es\/wp-content\/plugins\/instagram-feed\/img\/placeholder.png\" alt=\"Atenci\u00f3n como segundo a\u00f1o arrancamos con nuestra actividad de Entrega de Comida.  Y en esa ocasi\u00f3n deseamos contribuir a una comunidad para que tengan una semana de Navidad diferente.\n\nTu puedes hacer la diferencia, te invitamos a ser madrina o padrino y compartas el verdadero significado de la Navidad con quienes m\u00e1s lo necesitan\u2764\ufe0f\n\n#donacion #xmastime #apoyo\" aria-hidden=\"true\">\n\t\t<\/a>\n\t<\/div>\n<\/div><div class=\"sbi_item sbi_type_image sbi_new sbi_transition\"\n\tid=\"sbi_18034293472398652\" data-date=\"1666719263\">\n\t<div class=\"sbi_photo_wrap\">\n\t\t<a class=\"sbi_photo\" href=\"https:\/\/www.instagram.com\/p\/CkJS8lTu2PE\/\" target=\"_blank\" rel=\"noopener nofollow\" data-full-res=\"https:\/\/scontent-lax3-2.cdninstagram.com\/v\/t51.29350-15\/312564116_532809218852934_1078793461899541858_n.webp?stp=dst-jpg&#038;_nc_cat=110&#038;ccb=1-7&#038;_nc_sid=8ae9d6&#038;_nc_ohc=HbyhT9iRwK8AX_OvVpL&#038;_nc_ht=scontent-lax3-2.cdninstagram.com&#038;edm=ANo9K5cEAAAA&#038;oh=00_AfAs0k1fGkhrFYmvN4T8gKLeGZYLSp8HNUJ37WLHuA_4UQ&#038;oe=63CBD777\" data-img-src-set=\"{&quot;d&quot;:&quot;https:\\\/\\\/scontent-lax3-2.cdninstagram.com\\\/v\\\/t51.29350-15\\\/312564116_532809218852934_1078793461899541858_n.webp?stp=dst-jpg&amp;_nc_cat=110&amp;ccb=1-7&amp;_nc_sid=8ae9d6&amp;_nc_ohc=HbyhT9iRwK8AX_OvVpL&amp;_nc_ht=scontent-lax3-2.cdninstagram.com&amp;edm=ANo9K5cEAAAA&amp;oh=00_AfAs0k1fGkhrFYmvN4T8gKLeGZYLSp8HNUJ37WLHuA_4UQ&amp;oe=63CBD777&quot;,&quot;150&quot;:&quot;https:\\\/\\\/scontent-lax3-2.cdninstagram.com\\\/v\\\/t51.29350-15\\\/312564116_532809218852934_1078793461899541858_n.webp?stp=dst-jpg&amp;_nc_cat=110&amp;ccb=1-7&amp;_nc_sid=8ae9d6&amp;_nc_ohc=HbyhT9iRwK8AX_OvVpL&amp;_nc_ht=scontent-lax3-2.cdninstagram.com&amp;edm=ANo9K5cEAAAA&amp;oh=00_AfAs0k1fGkhrFYmvN4T8gKLeGZYLSp8HNUJ37WLHuA_4UQ&amp;oe=63CBD777&quot;,&quot;320&quot;:&quot;https:\\\/\\\/scontent-lax3-2.cdninstagram.com\\\/v\\\/t51.29350-15\\\/312564116_532809218852934_1078793461899541858_n.webp?stp=dst-jpg&amp;_nc_cat=110&amp;ccb=1-7&amp;_nc_sid=8ae9d6&amp;_nc_ohc=HbyhT9iRwK8AX_OvVpL&amp;_nc_ht=scontent-lax3-2.cdninstagram.com&amp;edm=ANo9K5cEAAAA&amp;oh=00_AfAs0k1fGkhrFYmvN4T8gKLeGZYLSp8HNUJ37WLHuA_4UQ&amp;oe=63CBD777&quot;,&quot;640&quot;:&quot;https:\\\/\\\/scontent-lax3-2.cdninstagram.com\\\/v\\\/t51.29350-15\\\/312564116_532809218852934_1078793461899541858_n.webp?stp=dst-jpg&amp;_nc_cat=110&amp;ccb=1-7&amp;_nc_sid=8ae9d6&amp;_nc_ohc=HbyhT9iRwK8AX_OvVpL&amp;_nc_ht=scontent-lax3-2.cdninstagram.com&amp;edm=ANo9K5cEAAAA&amp;oh=00_AfAs0k1fGkhrFYmvN4T8gKLeGZYLSp8HNUJ37WLHuA_4UQ&amp;oe=63CBD777&quot;}\">\n\t\t\t<span class=\"sbi-screenreader\">Como parte de la visita de nuestro Vicepresidente <\/span>\n\t\t\t\t\t\t\t\t\t<img decoding=\"async\" src=\"https:\/\/www.jcicdp.org\/es\/wp-content\/plugins\/instagram-feed\/img\/placeholder.png\" alt=\"Como parte de la visita de nuestro Vicepresidente Internacional!\ud83d\udc68\ud83c\udffb\u200d\ud83d\udcbc\n\nQueremos cordialmente invitarlos a ser parte de este interesante Foro, donde tendremos un panel de expertos que desarrollaran aspectos importantes de Liderazgo y el inminente impacto en nuestra sociedad a nivel nacional e internacional.\n\nLos esperamos!\n\n#SumandoLideres #MueveteEnPositivo @jcileaders #OneFuture\" aria-hidden=\"true\">\n\t\t<\/a>\n\t<\/div>\n<\/div><div class=\"sbi_item sbi_type_image sbi_new sbi_transition\"\n\tid=\"sbi_17890410371709899\" data-date=\"1666610525\">\n\t<div class=\"sbi_photo_wrap\">\n\t\t<a class=\"sbi_photo\" href=\"https:\/\/www.instagram.com\/p\/CkGDi3FOYvA\/\" target=\"_blank\" rel=\"noopener nofollow\" data-full-res=\"https:\/\/scontent-lax3-2.cdninstagram.com\/v\/t51.29350-15\/312387643_904836977159299_2835842717610000272_n.webp?stp=dst-jpg&#038;_nc_cat=108&#038;ccb=1-7&#038;_nc_sid=8ae9d6&#038;_nc_ohc=SsS9Nx3cKqIAX-ImX2K&#038;_nc_ht=scontent-lax3-2.cdninstagram.com&#038;edm=ANo9K5cEAAAA&#038;oh=00_AfAHvEaA_yYz2m0s-Q-GfaCP1D3KAN_zpMALp0bgb2Whtw&#038;oe=63CB3059\" data-img-src-set=\"{&quot;d&quot;:&quot;https:\\\/\\\/scontent-lax3-2.cdninstagram.com\\\/v\\\/t51.29350-15\\\/312387643_904836977159299_2835842717610000272_n.webp?stp=dst-jpg&amp;_nc_cat=108&amp;ccb=1-7&amp;_nc_sid=8ae9d6&amp;_nc_ohc=SsS9Nx3cKqIAX-ImX2K&amp;_nc_ht=scontent-lax3-2.cdninstagram.com&amp;edm=ANo9K5cEAAAA&amp;oh=00_AfAHvEaA_yYz2m0s-Q-GfaCP1D3KAN_zpMALp0bgb2Whtw&amp;oe=63CB3059&quot;,&quot;150&quot;:&quot;https:\\\/\\\/scontent-lax3-2.cdninstagram.com\\\/v\\\/t51.29350-15\\\/312387643_904836977159299_2835842717610000272_n.webp?stp=dst-jpg&amp;_nc_cat=108&amp;ccb=1-7&amp;_nc_sid=8ae9d6&amp;_nc_ohc=SsS9Nx3cKqIAX-ImX2K&amp;_nc_ht=scontent-lax3-2.cdninstagram.com&amp;edm=ANo9K5cEAAAA&amp;oh=00_AfAHvEaA_yYz2m0s-Q-GfaCP1D3KAN_zpMALp0bgb2Whtw&amp;oe=63CB3059&quot;,&quot;320&quot;:&quot;https:\\\/\\\/scontent-lax3-2.cdninstagram.com\\\/v\\\/t51.29350-15\\\/312387643_904836977159299_2835842717610000272_n.webp?stp=dst-jpg&amp;_nc_cat=108&amp;ccb=1-7&amp;_nc_sid=8ae9d6&amp;_nc_ohc=SsS9Nx3cKqIAX-ImX2K&amp;_nc_ht=scontent-lax3-2.cdninstagram.com&amp;edm=ANo9K5cEAAAA&amp;oh=00_AfAHvEaA_yYz2m0s-Q-GfaCP1D3KAN_zpMALp0bgb2Whtw&amp;oe=63CB3059&quot;,&quot;640&quot;:&quot;https:\\\/\\\/scontent-lax3-2.cdninstagram.com\\\/v\\\/t51.29350-15\\\/312387643_904836977159299_2835842717610000272_n.webp?stp=dst-jpg&amp;_nc_cat=108&amp;ccb=1-7&amp;_nc_sid=8ae9d6&amp;_nc_ohc=SsS9Nx3cKqIAX-ImX2K&amp;_nc_ht=scontent-lax3-2.cdninstagram.com&amp;edm=ANo9K5cEAAAA&amp;oh=00_AfAHvEaA_yYz2m0s-Q-GfaCP1D3KAN_zpMALp0bgb2Whtw&amp;oe=63CB3059&quot;}\">\n\t\t\t<span class=\"sbi-screenreader\">Repost:\nDesde JCI Panam\u00e1 y sus Organizaciones Loca<\/span>\n\t\t\t\t\t\t\t\t\t<img decoding=\"async\" src=\"https:\/\/www.jcicdp.org\/es\/wp-content\/plugins\/instagram-feed\/img\/placeholder.png\" alt=\"Repost:\nDesde JCI Panam\u00e1 y sus Organizaciones Locales, brindamos cordial bienvenida a Franco Cagnotti, Vicepresidente Internacional asignado a Panam\u00e1.\n@fran.cagnotti\n@jci.america\n@jcipanama\n@jcileaders\n@jcialianzaoficial\n@jci.david\n@jcimetropty\n@jcicdepanama\n@jci.laconcepcion\n@jci.panamaoeste\n#Sumandol\u00edderes\n#Lideraresnuestrodeber\nReposted from @jcipanama\n\n#MueveteEnPositivo #SumandoLideres @jcileaders #onefuture\" aria-hidden=\"true\">\n\t\t<\/a>\n\t<\/div>\n<\/div><div class=\"sbi_item sbi_type_carousel sbi_new sbi_transition\"\n\tid=\"sbi_18222052132085657\" data-date=\"1666056160\">\n\t<div class=\"sbi_photo_wrap\">\n\t\t<a class=\"sbi_photo\" href=\"https:\/\/www.instagram.com\/p\/Cj1iLYNrBmF\/\" target=\"_blank\" rel=\"noopener nofollow\" data-full-res=\"https:\/\/scontent-lax3-2.cdninstagram.com\/v\/t51.29350-15\/309623170_1715306998869336_7496185900964653351_n.webp?stp=dst-jpg&#038;_nc_cat=108&#038;ccb=1-7&#038;_nc_sid=8ae9d6&#038;_nc_ohc=0RrqmmzyUi4AX9zA_Fj&#038;_nc_ht=scontent-lax3-2.cdninstagram.com&#038;edm=ANo9K5cEAAAA&#038;oh=00_AfDlTsT7y3WA99SYqnVFi565WjhFO7_E-7vu_Vc8_fv8kw&#038;oe=63CB5B37\" data-img-src-set=\"{&quot;d&quot;:&quot;https:\\\/\\\/scontent-lax3-2.cdninstagram.com\\\/v\\\/t51.29350-15\\\/309623170_1715306998869336_7496185900964653351_n.webp?stp=dst-jpg&amp;_nc_cat=108&amp;ccb=1-7&amp;_nc_sid=8ae9d6&amp;_nc_ohc=0RrqmmzyUi4AX9zA_Fj&amp;_nc_ht=scontent-lax3-2.cdninstagram.com&amp;edm=ANo9K5cEAAAA&amp;oh=00_AfDlTsT7y3WA99SYqnVFi565WjhFO7_E-7vu_Vc8_fv8kw&amp;oe=63CB5B37&quot;,&quot;150&quot;:&quot;https:\\\/\\\/scontent-lax3-2.cdninstagram.com\\\/v\\\/t51.29350-15\\\/309623170_1715306998869336_7496185900964653351_n.webp?stp=dst-jpg&amp;_nc_cat=108&amp;ccb=1-7&amp;_nc_sid=8ae9d6&amp;_nc_ohc=0RrqmmzyUi4AX9zA_Fj&amp;_nc_ht=scontent-lax3-2.cdninstagram.com&amp;edm=ANo9K5cEAAAA&amp;oh=00_AfDlTsT7y3WA99SYqnVFi565WjhFO7_E-7vu_Vc8_fv8kw&amp;oe=63CB5B37&quot;,&quot;320&quot;:&quot;https:\\\/\\\/scontent-lax3-2.cdninstagram.com\\\/v\\\/t51.29350-15\\\/309623170_1715306998869336_7496185900964653351_n.webp?stp=dst-jpg&amp;_nc_cat=108&amp;ccb=1-7&amp;_nc_sid=8ae9d6&amp;_nc_ohc=0RrqmmzyUi4AX9zA_Fj&amp;_nc_ht=scontent-lax3-2.cdninstagram.com&amp;edm=ANo9K5cEAAAA&amp;oh=00_AfDlTsT7y3WA99SYqnVFi565WjhFO7_E-7vu_Vc8_fv8kw&amp;oe=63CB5B37&quot;,&quot;640&quot;:&quot;https:\\\/\\\/scontent-lax3-2.cdninstagram.com\\\/v\\\/t51.29350-15\\\/309623170_1715306998869336_7496185900964653351_n.webp?stp=dst-jpg&amp;_nc_cat=108&amp;ccb=1-7&amp;_nc_sid=8ae9d6&amp;_nc_ohc=0RrqmmzyUi4AX9zA_Fj&amp;_nc_ht=scontent-lax3-2.cdninstagram.com&amp;edm=ANo9K5cEAAAA&amp;oh=00_AfDlTsT7y3WA99SYqnVFi565WjhFO7_E-7vu_Vc8_fv8kw&amp;oe=63CB5B37&quot;}\">\n\t\t\t<span class=\"sbi-screenreader\">&quot;Porque servir a la humanidad es la mejor obra de <\/span>\n\t\t\t<svg class=\"svg-inline--fa fa-clone fa-w-16 sbi_lightbox_carousel_icon\" aria-hidden=\"true\" aria-label=\"Clone\" data-fa-pro\u0192cessed=\"\" data-prefix=\"far\" data-icon=\"clone\" role=\"img\" xmlns=\"http:\/\/www.w3.org\/2000\/svg\" viewBox=\"0 0 512 512\">\n                    <path fill=\"currentColor\" d=\"M464 0H144c-26.51 0-48 21.49-48 48v48H48c-26.51 0-48 21.49-48 48v320c0 26.51 21.49 48 48 48h320c26.51 0 48-21.49 48-48v-48h48c26.51 0 48-21.49 48-48V48c0-26.51-21.49-48-48-48zM362 464H54a6 6 0 0 1-6-6V150a6 6 0 0 1 6-6h42v224c0 26.51 21.49 48 48 48h224v42a6 6 0 0 1-6 6zm96-96H150a6 6 0 0 1-6-6V54a6 6 0 0 1 6-6h308a6 6 0 0 1 6 6v308a6 6 0 0 1-6 6z\"><\/path>\n                <\/svg>\t\t\t\t\t\t<img decoding=\"async\" src=\"https:\/\/www.jcicdp.org\/es\/wp-content\/plugins\/instagram-feed\/img\/placeholder.png\" alt=\"&quot;Porque servir a la humanidad es la mejor obra de una vida&quot;\ud83e\udec2\n\nCon mucha alegr\u00eda y orgullo fuimos premiados en la Convenci\u00f3n Nacional 2022 con el premio al Mejor Programa de Impacto en la Comunidad Local con lo que fue nuestro Proyecto &quot;Trabaja en tus Competencias&quot;\n\nDonde fueron 4 horas muy nutridas de informaci\u00f3n, en las cuales se tuvo la oportunidad de compartir con excelentes l\u00edderes, quienes nos compartieron sus experiencias, consejos y nos inyectaron de empoderamiento para seguir creciendo!\ud83d\udd1d\n\nUn especial agradecimiento a ellos quienes hicieron posible este proyecto! @cyntulipano @coachsheiljaarora @kathycrp @choco_worldwide @ariadnareal @nath_calderons \ud83d\udc4f\ud83d\udcaf\n\nSomos JCI de La Ciudad de Panam\u00e1 \ud83c\uddf5\ud83c\udde6\n\n#SumandoLideres #MueveteEnPositivo @jcileaders #onefuture\" aria-hidden=\"true\">\n\t\t<\/a>\n\t<\/div>\n<\/div><div class=\"sbi_item sbi_type_image sbi_new sbi_transition\"\n\tid=\"sbi_17857147820824247\" data-date=\"1665967416\">\n\t<div class=\"sbi_photo_wrap\">\n\t\t<a class=\"sbi_photo\" href=\"https:\/\/www.instagram.com\/p\/Cjy46dXrPLv\/\" target=\"_blank\" rel=\"noopener nofollow\" data-full-res=\"https:\/\/scontent-lax3-2.cdninstagram.com\/v\/t51.29350-15\/311798964_664027108779474_2031538372993318039_n.webp?stp=dst-jpg&#038;_nc_cat=102&#038;ccb=1-7&#038;_nc_sid=8ae9d6&#038;_nc_ohc=NOMRCTRQhTUAX-XYNBV&#038;_nc_ht=scontent-lax3-2.cdninstagram.com&#038;edm=ANo9K5cEAAAA&#038;oh=00_AfCjNs_1SL_wQtKSdhOgAW47uGJFRhJZyM6YCOO0K0Gtaw&#038;oe=63CC2790\" data-img-src-set=\"{&quot;d&quot;:&quot;https:\\\/\\\/scontent-lax3-2.cdninstagram.com\\\/v\\\/t51.29350-15\\\/311798964_664027108779474_2031538372993318039_n.webp?stp=dst-jpg&amp;_nc_cat=102&amp;ccb=1-7&amp;_nc_sid=8ae9d6&amp;_nc_ohc=NOMRCTRQhTUAX-XYNBV&amp;_nc_ht=scontent-lax3-2.cdninstagram.com&amp;edm=ANo9K5cEAAAA&amp;oh=00_AfCjNs_1SL_wQtKSdhOgAW47uGJFRhJZyM6YCOO0K0Gtaw&amp;oe=63CC2790&quot;,&quot;150&quot;:&quot;https:\\\/\\\/scontent-lax3-2.cdninstagram.com\\\/v\\\/t51.29350-15\\\/311798964_664027108779474_2031538372993318039_n.webp?stp=dst-jpg&amp;_nc_cat=102&amp;ccb=1-7&amp;_nc_sid=8ae9d6&amp;_nc_ohc=NOMRCTRQhTUAX-XYNBV&amp;_nc_ht=scontent-lax3-2.cdninstagram.com&amp;edm=ANo9K5cEAAAA&amp;oh=00_AfCjNs_1SL_wQtKSdhOgAW47uGJFRhJZyM6YCOO0K0Gtaw&amp;oe=63CC2790&quot;,&quot;320&quot;:&quot;https:\\\/\\\/scontent-lax3-2.cdninstagram.com\\\/v\\\/t51.29350-15\\\/311798964_664027108779474_2031538372993318039_n.webp?stp=dst-jpg&amp;_nc_cat=102&amp;ccb=1-7&amp;_nc_sid=8ae9d6&amp;_nc_ohc=NOMRCTRQhTUAX-XYNBV&amp;_nc_ht=scontent-lax3-2.cdninstagram.com&amp;edm=ANo9K5cEAAAA&amp;oh=00_AfCjNs_1SL_wQtKSdhOgAW47uGJFRhJZyM6YCOO0K0Gtaw&amp;oe=63CC2790&quot;,&quot;640&quot;:&quot;https:\\\/\\\/scontent-lax3-2.cdninstagram.com\\\/v\\\/t51.29350-15\\\/311798964_664027108779474_2031538372993318039_n.webp?stp=dst-jpg&amp;_nc_cat=102&amp;ccb=1-7&amp;_nc_sid=8ae9d6&amp;_nc_ohc=NOMRCTRQhTUAX-XYNBV&amp;_nc_ht=scontent-lax3-2.cdninstagram.com&amp;edm=ANo9K5cEAAAA&amp;oh=00_AfCjNs_1SL_wQtKSdhOgAW47uGJFRhJZyM6YCOO0K0Gtaw&amp;oe=63CC2790&quot;}\">\n\t\t\t<span class=\"sbi-screenreader\">El d\u00eda de ayer tuvimos el placer de ser participes<\/span>\n\t\t\t\t\t\t\t\t\t<img decoding=\"async\" src=\"https:\/\/www.jcicdp.org\/es\/wp-content\/plugins\/instagram-feed\/img\/placeholder.png\" alt=\"El d\u00eda de ayer tuvimos el placer de ser participes de la Convenci\u00f3n Nacional que a\u00f1o tras a\u00f1os celebramos en JCI\ud83c\uddf5\ud83c\udde6\n\nCon una agenda cargada de informaci\u00f3n en interesantes temas, pudimos compartir con nuestros hom\u00f3logos, dar actualizaciones de nuestra Organizaci\u00f3n Local y a la vez tener voz y voto sobre futuros proyectos y elegir a nuestra nueva Junta Directiva Nacional 2023\ud83d\udde3\ufe0f\n\nGracias a nuestra PN, PPN, PL, SL Senadores y miembros por ser parte de este evento y seguir representando con orgullo la bandera de JCI Panam\u00e1  y de JCI De La Ciudad de Panam\u00e1 \ud83d\udc4f\n\n#MueveteEnPositivo #SumandoLideres #onefuture @jcileaders\" aria-hidden=\"true\">\n\t\t<\/a>\n\t<\/div>\n<\/div><div class=\"sbi_item sbi_type_image sbi_new sbi_transition\"\n\tid=\"sbi_17903499437666330\" data-date=\"1665942086\">\n\t<div class=\"sbi_photo_wrap\">\n\t\t<a class=\"sbi_photo\" href=\"https:\/\/www.instagram.com\/p\/CjyImXROh5f\/\" target=\"_blank\" rel=\"noopener nofollow\" data-full-res=\"https:\/\/scontent-lax3-2.cdninstagram.com\/v\/t51.29350-15\/311643147_588406859748937_2176293536133649186_n.webp?stp=dst-jpg&#038;_nc_cat=110&#038;ccb=1-7&#038;_nc_sid=8ae9d6&#038;_nc_ohc=ytFJjx12m3sAX88IAqs&#038;_nc_ht=scontent-lax3-2.cdninstagram.com&#038;edm=ANo9K5cEAAAA&#038;oh=00_AfAqJJyD3Un9CL-gpgW1kGHfICOuksZ_SQqGSoxjCaoxYw&#038;oe=63CB1A42\" data-img-src-set=\"{&quot;d&quot;:&quot;https:\\\/\\\/scontent-lax3-2.cdninstagram.com\\\/v\\\/t51.29350-15\\\/311643147_588406859748937_2176293536133649186_n.webp?stp=dst-jpg&amp;_nc_cat=110&amp;ccb=1-7&amp;_nc_sid=8ae9d6&amp;_nc_ohc=ytFJjx12m3sAX88IAqs&amp;_nc_ht=scontent-lax3-2.cdninstagram.com&amp;edm=ANo9K5cEAAAA&amp;oh=00_AfAqJJyD3Un9CL-gpgW1kGHfICOuksZ_SQqGSoxjCaoxYw&amp;oe=63CB1A42&quot;,&quot;150&quot;:&quot;https:\\\/\\\/scontent-lax3-2.cdninstagram.com\\\/v\\\/t51.29350-15\\\/311643147_588406859748937_2176293536133649186_n.webp?stp=dst-jpg&amp;_nc_cat=110&amp;ccb=1-7&amp;_nc_sid=8ae9d6&amp;_nc_ohc=ytFJjx12m3sAX88IAqs&amp;_nc_ht=scontent-lax3-2.cdninstagram.com&amp;edm=ANo9K5cEAAAA&amp;oh=00_AfAqJJyD3Un9CL-gpgW1kGHfICOuksZ_SQqGSoxjCaoxYw&amp;oe=63CB1A42&quot;,&quot;320&quot;:&quot;https:\\\/\\\/scontent-lax3-2.cdninstagram.com\\\/v\\\/t51.29350-15\\\/311643147_588406859748937_2176293536133649186_n.webp?stp=dst-jpg&amp;_nc_cat=110&amp;ccb=1-7&amp;_nc_sid=8ae9d6&amp;_nc_ohc=ytFJjx12m3sAX88IAqs&amp;_nc_ht=scontent-lax3-2.cdninstagram.com&amp;edm=ANo9K5cEAAAA&amp;oh=00_AfAqJJyD3Un9CL-gpgW1kGHfICOuksZ_SQqGSoxjCaoxYw&amp;oe=63CB1A42&quot;,&quot;640&quot;:&quot;https:\\\/\\\/scontent-lax3-2.cdninstagram.com\\\/v\\\/t51.29350-15\\\/311643147_588406859748937_2176293536133649186_n.webp?stp=dst-jpg&amp;_nc_cat=110&amp;ccb=1-7&amp;_nc_sid=8ae9d6&amp;_nc_ohc=ytFJjx12m3sAX88IAqs&amp;_nc_ht=scontent-lax3-2.cdninstagram.com&amp;edm=ANo9K5cEAAAA&amp;oh=00_AfAqJJyD3Un9CL-gpgW1kGHfICOuksZ_SQqGSoxjCaoxYw&amp;oe=63CB1A42&quot;}\">\n\t\t\t<span class=\"sbi-screenreader\">Con mucho orgullo le damos la Bienvenida oficialme<\/span>\n\t\t\t\t\t\t\t\t\t<img decoding=\"async\" src=\"https:\/\/www.jcicdp.org\/es\/wp-content\/plugins\/instagram-feed\/img\/placeholder.png\" alt=\"Con mucho orgullo le damos la Bienvenida oficialmente a nuestros nuevos miembros Gloria, Rafael y Mariley @rafaelpino19 @marileymg_ @gloriv26 \ud83e\udd13\ud83d\udcaf\n\nContentos de que sean parte de nuestra organizaci\u00f3n Local! Estamos seguros ser\u00e1n de mucho valor y sus aportes ser\u00e1n de gran reconocimiento para nuestra organizaci\u00f3n Local.\n\nGracias por la confianza y decisi\u00f3n de ser parte de nuestra familia\ud83e\udec2\n\nBienvenidos a JCI De la Ciudad de Panam\u00e1 \ud83c\uddf5\ud83c\udde6\n\n#SumandoLideres #MueveteEnPositivo #onefuture @jcileaders\" aria-hidden=\"true\">\n\t\t<\/a>\n\t<\/div>\n<\/div><div class=\"sbi_item sbi_type_image sbi_new sbi_transition\"\n\tid=\"sbi_17980111363712156\" data-date=\"1665067355\">\n\t<div class=\"sbi_photo_wrap\">\n\t\t<a class=\"sbi_photo\" href=\"https:\/\/www.instagram.com\/p\/CjYELr5Ok7r\/\" target=\"_blank\" rel=\"noopener nofollow\" data-full-res=\"https:\/\/scontent-lax3-2.cdninstagram.com\/v\/t51.29350-15\/310801566_828432538311995_5920592643896622273_n.webp?stp=dst-jpg&#038;_nc_cat=111&#038;ccb=1-7&#038;_nc_sid=8ae9d6&#038;_nc_ohc=oFWnljOiH54AX9JFxeA&#038;_nc_ht=scontent-lax3-2.cdninstagram.com&#038;edm=ANo9K5cEAAAA&#038;oh=00_AfBs2GFqab7rtqGxDvzRAHPuo67b8wfS8bnrM0k-Zf-Y-w&#038;oe=63CC0C71\" data-img-src-set=\"{&quot;d&quot;:&quot;https:\\\/\\\/scontent-lax3-2.cdninstagram.com\\\/v\\\/t51.29350-15\\\/310801566_828432538311995_5920592643896622273_n.webp?stp=dst-jpg&amp;_nc_cat=111&amp;ccb=1-7&amp;_nc_sid=8ae9d6&amp;_nc_ohc=oFWnljOiH54AX9JFxeA&amp;_nc_ht=scontent-lax3-2.cdninstagram.com&amp;edm=ANo9K5cEAAAA&amp;oh=00_AfBs2GFqab7rtqGxDvzRAHPuo67b8wfS8bnrM0k-Zf-Y-w&amp;oe=63CC0C71&quot;,&quot;150&quot;:&quot;https:\\\/\\\/scontent-lax3-2.cdninstagram.com\\\/v\\\/t51.29350-15\\\/310801566_828432538311995_5920592643896622273_n.webp?stp=dst-jpg&amp;_nc_cat=111&amp;ccb=1-7&amp;_nc_sid=8ae9d6&amp;_nc_ohc=oFWnljOiH54AX9JFxeA&amp;_nc_ht=scontent-lax3-2.cdninstagram.com&amp;edm=ANo9K5cEAAAA&amp;oh=00_AfBs2GFqab7rtqGxDvzRAHPuo67b8wfS8bnrM0k-Zf-Y-w&amp;oe=63CC0C71&quot;,&quot;320&quot;:&quot;https:\\\/\\\/scontent-lax3-2.cdninstagram.com\\\/v\\\/t51.29350-15\\\/310801566_828432538311995_5920592643896622273_n.webp?stp=dst-jpg&amp;_nc_cat=111&amp;ccb=1-7&amp;_nc_sid=8ae9d6&amp;_nc_ohc=oFWnljOiH54AX9JFxeA&amp;_nc_ht=scontent-lax3-2.cdninstagram.com&amp;edm=ANo9K5cEAAAA&amp;oh=00_AfBs2GFqab7rtqGxDvzRAHPuo67b8wfS8bnrM0k-Zf-Y-w&amp;oe=63CC0C71&quot;,&quot;640&quot;:&quot;https:\\\/\\\/scontent-lax3-2.cdninstagram.com\\\/v\\\/t51.29350-15\\\/310801566_828432538311995_5920592643896622273_n.webp?stp=dst-jpg&amp;_nc_cat=111&amp;ccb=1-7&amp;_nc_sid=8ae9d6&amp;_nc_ohc=oFWnljOiH54AX9JFxeA&amp;_nc_ht=scontent-lax3-2.cdninstagram.com&amp;edm=ANo9K5cEAAAA&amp;oh=00_AfBs2GFqab7rtqGxDvzRAHPuo67b8wfS8bnrM0k-Zf-Y-w&amp;oe=63CC0C71&quot;}\">\n\t\t\t<span class=\"sbi-screenreader\">El d\u00eda de ayer tuvimos el agrado de compartir un r<\/span>\n\t\t\t\t\t\t\t\t\t<img decoding=\"async\" src=\"https:\/\/www.jcicdp.org\/es\/wp-content\/plugins\/instagram-feed\/img\/placeholder.png\" alt=\"El d\u00eda de ayer tuvimos el agrado de compartir un rato ameno con parte de nuestros miembros y 3 prospectos y futuros miembros de nuestra organizaci\u00f3n Gloria, Mariley y Rafael.\n\nGracias a todos por darnos la oportunidad de compartir y darles a conocer un poco m\u00e1s de lo que realiza nuestra organizaci\u00f3n Local!\n\nSomos JCI De la Ciudad de Panam\u00e1 \ud83c\uddf5\ud83c\udde6\n#onefuture\n#MueveteEnPositivo #liderazgo\" aria-hidden=\"true\">\n\t\t<\/a>\n\t<\/div>\n<\/div><div class=\"sbi_item sbi_type_carousel sbi_new sbi_transition\"\n\tid=\"sbi_17949063017295141\" data-date=\"1663614118\">\n\t<div class=\"sbi_photo_wrap\">\n\t\t<a class=\"sbi_photo\" href=\"https:\/\/www.instagram.com\/p\/CiswWj8ugAz\/\" target=\"_blank\" rel=\"noopener nofollow\" data-full-res=\"https:\/\/scontent-lax3-2.cdninstagram.com\/v\/t51.29350-15\/307421659_483070370103056_7654038756967724396_n.webp?stp=dst-jpg&#038;_nc_cat=102&#038;ccb=1-7&#038;_nc_sid=8ae9d6&#038;_nc_ohc=MdVnLoO0ArcAX8R6BDJ&#038;_nc_ht=scontent-lax3-2.cdninstagram.com&#038;edm=ANo9K5cEAAAA&#038;oh=00_AfDJJA2_jQDSPot5jZriW6S5d59t0NUT51I_ShXrkMEuHg&#038;oe=63CBE15A\" data-img-src-set=\"{&quot;d&quot;:&quot;https:\\\/\\\/scontent-lax3-2.cdninstagram.com\\\/v\\\/t51.29350-15\\\/307421659_483070370103056_7654038756967724396_n.webp?stp=dst-jpg&amp;_nc_cat=102&amp;ccb=1-7&amp;_nc_sid=8ae9d6&amp;_nc_ohc=MdVnLoO0ArcAX8R6BDJ&amp;_nc_ht=scontent-lax3-2.cdninstagram.com&amp;edm=ANo9K5cEAAAA&amp;oh=00_AfDJJA2_jQDSPot5jZriW6S5d59t0NUT51I_ShXrkMEuHg&amp;oe=63CBE15A&quot;,&quot;150&quot;:&quot;https:\\\/\\\/scontent-lax3-2.cdninstagram.com\\\/v\\\/t51.29350-15\\\/307421659_483070370103056_7654038756967724396_n.webp?stp=dst-jpg&amp;_nc_cat=102&amp;ccb=1-7&amp;_nc_sid=8ae9d6&amp;_nc_ohc=MdVnLoO0ArcAX8R6BDJ&amp;_nc_ht=scontent-lax3-2.cdninstagram.com&amp;edm=ANo9K5cEAAAA&amp;oh=00_AfDJJA2_jQDSPot5jZriW6S5d59t0NUT51I_ShXrkMEuHg&amp;oe=63CBE15A&quot;,&quot;320&quot;:&quot;https:\\\/\\\/scontent-lax3-2.cdninstagram.com\\\/v\\\/t51.29350-15\\\/307421659_483070370103056_7654038756967724396_n.webp?stp=dst-jpg&amp;_nc_cat=102&amp;ccb=1-7&amp;_nc_sid=8ae9d6&amp;_nc_ohc=MdVnLoO0ArcAX8R6BDJ&amp;_nc_ht=scontent-lax3-2.cdninstagram.com&amp;edm=ANo9K5cEAAAA&amp;oh=00_AfDJJA2_jQDSPot5jZriW6S5d59t0NUT51I_ShXrkMEuHg&amp;oe=63CBE15A&quot;,&quot;640&quot;:&quot;https:\\\/\\\/scontent-lax3-2.cdninstagram.com\\\/v\\\/t51.29350-15\\\/307421659_483070370103056_7654038756967724396_n.webp?stp=dst-jpg&amp;_nc_cat=102&amp;ccb=1-7&amp;_nc_sid=8ae9d6&amp;_nc_ohc=MdVnLoO0ArcAX8R6BDJ&amp;_nc_ht=scontent-lax3-2.cdninstagram.com&amp;edm=ANo9K5cEAAAA&amp;oh=00_AfDJJA2_jQDSPot5jZriW6S5d59t0NUT51I_ShXrkMEuHg&amp;oe=63CBE15A&quot;}\">\n\t\t\t<span class=\"sbi-screenreader\">\u00bfTe gustar\u00eda conocer a otros l\u00edderes Juniors de Am<\/span>\n\t\t\t<svg class=\"svg-inline--fa fa-clone fa-w-16 sbi_lightbox_carousel_icon\" aria-hidden=\"true\" aria-label=\"Clone\" data-fa-pro\u0192cessed=\"\" data-prefix=\"far\" data-icon=\"clone\" role=\"img\" xmlns=\"http:\/\/www.w3.org\/2000\/svg\" viewBox=\"0 0 512 512\">\n                    <path fill=\"currentColor\" d=\"M464 0H144c-26.51 0-48 21.49-48 48v48H48c-26.51 0-48 21.49-48 48v320c0 26.51 21.49 48 48 48h320c26.51 0 48-21.49 48-48v-48h48c26.51 0 48-21.49 48-48V48c0-26.51-21.49-48-48-48zM362 464H54a6 6 0 0 1-6-6V150a6 6 0 0 1 6-6h42v224c0 26.51 21.49 48 48 48h224v42a6 6 0 0 1-6 6zm96-96H150a6 6 0 0 1-6-6V54a6 6 0 0 1 6-6h308a6 6 0 0 1 6 6v308a6 6 0 0 1-6 6z\"><\/path>\n                <\/svg>\t\t\t\t\t\t<img decoding=\"async\" src=\"https:\/\/www.jcicdp.org\/es\/wp-content\/plugins\/instagram-feed\/img\/placeholder.png\" alt=\"\u00bfTe gustar\u00eda conocer a otros l\u00edderes Juniors de Am\u00e9rica? \n\ud83c\udde8\ud83c\uddf4\ud83c\udde9\ud83c\uddf4 \ud83c\udde8\ud83c\uddfc \ud83c\uddf5\ud83c\udde6 \ud83c\uddf5\ud83c\uddf7 \ud83c\uddfb\ud83c\uddea \n\nEn JCI &quot;La hermandad de los hombres trasciende la soberan\u00eda de las naciones\u201d \ud83c\udf0e\n\nTe invitamos a participar del 1er encuentro de &quot;Juniors Sin Fronteras&quot;, una oportunidad para conocer e interactuar con l\u00edderes extraordinarios de Am\u00e9rica que est\u00e1n haciendo cambios positivos como t\u00fa.\ud83c\udfc5\n\nVive la experiencia del networking, la hermandad y la acci\u00f3n que en JCI nos caracteriza, participa y has crecer tu red de contactos. \ud83e\udd29\n\nReg\u00edstrate y nos vemos este\ud83d\udc47\ud83c\udffb\nhttps:\/\/docs.google.com\/forms\/d\/13r3kYinKT-TcrciWJ4EcIRNkFF5BBaOfAbOEq1tWSJU\/edit\n\n \ud83d\udccc22 de Septiembre \n\n@jcileaders \n@jci.america \n@jcivenezuela\n@jcicolombia \n@jcipanama \n@jcirepdom\n@dutchcaribeam\n@jci_puerto_rico\n\n#Jci #l\u00edderes #am\u00e9rica #lideraresnuetrodeber #hermandad #amigos #juniors #networking #acci\u00f3n #j\u00f3venes #amistad #equipo #liderazgo #encuentro #emprendedores\" aria-hidden=\"true\">\n\t\t<\/a>\n\t<\/div>\n<\/div><div class=\"sbi_item sbi_type_image sbi_new sbi_transition\"\n\tid=\"sbi_17983756840562525\" data-date=\"1660333544\">\n\t<div class=\"sbi_photo_wrap\">\n\t\t<a class=\"sbi_photo\" href=\"https:\/\/www.instagram.com\/p\/ChK_J71uK4z\/\" target=\"_blank\" rel=\"noopener nofollow\" data-full-res=\"https:\/\/scontent-lax3-2.cdninstagram.com\/v\/t51.29350-15\/298783456_743902416844979_4175559499137525662_n.webp?stp=dst-jpg&#038;_nc_cat=105&#038;ccb=1-7&#038;_nc_sid=8ae9d6&#038;_nc_ohc=TjfE4LUr7BkAX_oP6LL&#038;_nc_ht=scontent-lax3-2.cdninstagram.com&#038;edm=ANo9K5cEAAAA&#038;oh=00_AfCa5ch3AOSykcSAhgDuZ2r3XbqDC6lu9O-8pJkWjEuCSw&#038;oe=63CC638A\" data-img-src-set=\"{&quot;d&quot;:&quot;https:\\\/\\\/scontent-lax3-2.cdninstagram.com\\\/v\\\/t51.29350-15\\\/298783456_743902416844979_4175559499137525662_n.webp?stp=dst-jpg&amp;_nc_cat=105&amp;ccb=1-7&amp;_nc_sid=8ae9d6&amp;_nc_ohc=TjfE4LUr7BkAX_oP6LL&amp;_nc_ht=scontent-lax3-2.cdninstagram.com&amp;edm=ANo9K5cEAAAA&amp;oh=00_AfCa5ch3AOSykcSAhgDuZ2r3XbqDC6lu9O-8pJkWjEuCSw&amp;oe=63CC638A&quot;,&quot;150&quot;:&quot;https:\\\/\\\/scontent-lax3-2.cdninstagram.com\\\/v\\\/t51.29350-15\\\/298783456_743902416844979_4175559499137525662_n.webp?stp=dst-jpg&amp;_nc_cat=105&amp;ccb=1-7&amp;_nc_sid=8ae9d6&amp;_nc_ohc=TjfE4LUr7BkAX_oP6LL&amp;_nc_ht=scontent-lax3-2.cdninstagram.com&amp;edm=ANo9K5cEAAAA&amp;oh=00_AfCa5ch3AOSykcSAhgDuZ2r3XbqDC6lu9O-8pJkWjEuCSw&amp;oe=63CC638A&quot;,&quot;320&quot;:&quot;https:\\\/\\\/scontent-lax3-2.cdninstagram.com\\\/v\\\/t51.29350-15\\\/298783456_743902416844979_4175559499137525662_n.webp?stp=dst-jpg&amp;_nc_cat=105&amp;ccb=1-7&amp;_nc_sid=8ae9d6&amp;_nc_ohc=TjfE4LUr7BkAX_oP6LL&amp;_nc_ht=scontent-lax3-2.cdninstagram.com&amp;edm=ANo9K5cEAAAA&amp;oh=00_AfCa5ch3AOSykcSAhgDuZ2r3XbqDC6lu9O-8pJkWjEuCSw&amp;oe=63CC638A&quot;,&quot;640&quot;:&quot;https:\\\/\\\/scontent-lax3-2.cdninstagram.com\\\/v\\\/t51.29350-15\\\/298783456_743902416844979_4175559499137525662_n.webp?stp=dst-jpg&amp;_nc_cat=105&amp;ccb=1-7&amp;_nc_sid=8ae9d6&amp;_nc_ohc=TjfE4LUr7BkAX_oP6LL&amp;_nc_ht=scontent-lax3-2.cdninstagram.com&amp;edm=ANo9K5cEAAAA&amp;oh=00_AfCa5ch3AOSykcSAhgDuZ2r3XbqDC6lu9O-8pJkWjEuCSw&amp;oe=63CC638A&quot;}\">\n\t\t\t<span class=\"sbi-screenreader\">El pasado 8 de agosto, tuvimos una grata experienc<\/span>\n\t\t\t\t\t\t\t\t\t<img decoding=\"async\" src=\"https:\/\/www.jcicdp.org\/es\/wp-content\/plugins\/instagram-feed\/img\/placeholder.png\" alt=\"El pasado 8 de agosto, tuvimos una grata experiencia y la oportunidad de compartir con nuestra estimada Laura Osorio @lauraosoriorrhh quien nos capacit\u00f3 en el tema de c\u00f3mo tener una Administraci\u00f3n Competitiva del tiempo!\n\nGracias Laura por compartirnos tus conocimientos y pasar un tiempo agradable con nuestra organizaci\u00f3n.\n\nSomos JCI De la Ciudad de Panam\u00e1\" aria-hidden=\"true\">\n\t\t<\/a>\n\t<\/div>\n<\/div><div class=\"sbi_item sbi_type_image sbi_new sbi_transition\"\n\tid=\"sbi_18060567577321986\" data-date=\"1659199494\">\n\t<div class=\"sbi_photo_wrap\">\n\t\t<a class=\"sbi_photo\" href=\"https:\/\/www.instagram.com\/p\/CgpMICfLZOb\/\" target=\"_blank\" rel=\"noopener nofollow\" data-full-res=\"https:\/\/scontent-lax3-2.cdninstagram.com\/v\/t51.29350-15\/296737411_194331686283088_6896384417755863549_n.webp?stp=dst-jpg&#038;_nc_cat=108&#038;ccb=1-7&#038;_nc_sid=8ae9d6&#038;_nc_ohc=dq24J54_wiAAX-Rc2j7&#038;_nc_ht=scontent-lax3-2.cdninstagram.com&#038;edm=ANo9K5cEAAAA&#038;oh=00_AfD1HB_NpoV3C3xIklkKc19GAOaXALV1dfsxDlj4ZtIMXQ&#038;oe=63CCA07B\" data-img-src-set=\"{&quot;d&quot;:&quot;https:\\\/\\\/scontent-lax3-2.cdninstagram.com\\\/v\\\/t51.29350-15\\\/296737411_194331686283088_6896384417755863549_n.webp?stp=dst-jpg&amp;_nc_cat=108&amp;ccb=1-7&amp;_nc_sid=8ae9d6&amp;_nc_ohc=dq24J54_wiAAX-Rc2j7&amp;_nc_ht=scontent-lax3-2.cdninstagram.com&amp;edm=ANo9K5cEAAAA&amp;oh=00_AfD1HB_NpoV3C3xIklkKc19GAOaXALV1dfsxDlj4ZtIMXQ&amp;oe=63CCA07B&quot;,&quot;150&quot;:&quot;https:\\\/\\\/scontent-lax3-2.cdninstagram.com\\\/v\\\/t51.29350-15\\\/296737411_194331686283088_6896384417755863549_n.webp?stp=dst-jpg&amp;_nc_cat=108&amp;ccb=1-7&amp;_nc_sid=8ae9d6&amp;_nc_ohc=dq24J54_wiAAX-Rc2j7&amp;_nc_ht=scontent-lax3-2.cdninstagram.com&amp;edm=ANo9K5cEAAAA&amp;oh=00_AfD1HB_NpoV3C3xIklkKc19GAOaXALV1dfsxDlj4ZtIMXQ&amp;oe=63CCA07B&quot;,&quot;320&quot;:&quot;https:\\\/\\\/scontent-lax3-2.cdninstagram.com\\\/v\\\/t51.29350-15\\\/296737411_194331686283088_6896384417755863549_n.webp?stp=dst-jpg&amp;_nc_cat=108&amp;ccb=1-7&amp;_nc_sid=8ae9d6&amp;_nc_ohc=dq24J54_wiAAX-Rc2j7&amp;_nc_ht=scontent-lax3-2.cdninstagram.com&amp;edm=ANo9K5cEAAAA&amp;oh=00_AfD1HB_NpoV3C3xIklkKc19GAOaXALV1dfsxDlj4ZtIMXQ&amp;oe=63CCA07B&quot;,&quot;640&quot;:&quot;https:\\\/\\\/scontent-lax3-2.cdninstagram.com\\\/v\\\/t51.29350-15\\\/296737411_194331686283088_6896384417755863549_n.webp?stp=dst-jpg&amp;_nc_cat=108&amp;ccb=1-7&amp;_nc_sid=8ae9d6&amp;_nc_ohc=dq24J54_wiAAX-Rc2j7&amp;_nc_ht=scontent-lax3-2.cdninstagram.com&amp;edm=ANo9K5cEAAAA&amp;oh=00_AfD1HB_NpoV3C3xIklkKc19GAOaXALV1dfsxDlj4ZtIMXQ&amp;oe=63CCA07B&quot;}\">\n\t\t\t<span class=\"sbi-screenreader\">Atenci\u00f3n,\ud83d\udce3!! Tenemos nueva fecha para nuestra sesi<\/span>\n\t\t\t\t\t\t\t\t\t<img decoding=\"async\" src=\"https:\/\/www.jcicdp.org\/es\/wp-content\/plugins\/instagram-feed\/img\/placeholder.png\" alt=\"Atenci\u00f3n,\ud83d\udce3!! Tenemos nueva fecha para nuestra sesi\u00f3n!!\nAcomp\u00e1\u00f1anos el pr\u00f3ximo 8 de agosto a las 6:30pm en el Hotel El Panam\u00e1, a nuestra asamblea abierta, donde podr\u00e1s conocer de nuestra organizaci\u00f3n y contaremos con la presencia de nuestra capacitadora Laura Osorio @lauraosoriorrhh quien nos brindar\u00e1 el tema &quot;Administraci\u00f3n Competitiva del tiempo&quot;\n\nEstas m\u00e1s que invitado a ser parte de esta experiencia! Y lo mejor es Totalmente GRATIS!\u2728\ud83d\ude42\n\nEnv\u00edanos un mensaje directo si est\u00e1s interesado en participar! Corre la voz!\ud83d\udce2\" aria-hidden=\"true\">\n\t\t<\/a>\n\t<\/div>\n<\/div><div class=\"sbi_item sbi_type_carousel sbi_new sbi_transition\"\n\tid=\"sbi_18308965354038012\" data-date=\"1657998843\">\n\t<div class=\"sbi_photo_wrap\">\n\t\t<a class=\"sbi_photo\" href=\"https:\/\/www.instagram.com\/p\/CgFaEMTOKXI\/\" target=\"_blank\" rel=\"noopener nofollow\" data-full-res=\"https:\/\/scontent-lax3-2.cdninstagram.com\/v\/t51.29350-15\/293548086_140993935236144_5409937680223762691_n.webp?stp=dst-jpg&#038;_nc_cat=100&#038;ccb=1-7&#038;_nc_sid=8ae9d6&#038;_nc_ohc=gtlOFEDXznIAX9Cb-Kg&#038;_nc_ht=scontent-lax3-2.cdninstagram.com&#038;edm=ANo9K5cEAAAA&#038;oh=00_AfDqrIFZ6P8cvDMvlGmBadGZ-bpXIWyDjwFKMzsZHk3pZw&#038;oe=63CCC93E\" data-img-src-set=\"{&quot;d&quot;:&quot;https:\\\/\\\/scontent-lax3-2.cdninstagram.com\\\/v\\\/t51.29350-15\\\/293548086_140993935236144_5409937680223762691_n.webp?stp=dst-jpg&amp;_nc_cat=100&amp;ccb=1-7&amp;_nc_sid=8ae9d6&amp;_nc_ohc=gtlOFEDXznIAX9Cb-Kg&amp;_nc_ht=scontent-lax3-2.cdninstagram.com&amp;edm=ANo9K5cEAAAA&amp;oh=00_AfDqrIFZ6P8cvDMvlGmBadGZ-bpXIWyDjwFKMzsZHk3pZw&amp;oe=63CCC93E&quot;,&quot;150&quot;:&quot;https:\\\/\\\/scontent-lax3-2.cdninstagram.com\\\/v\\\/t51.29350-15\\\/293548086_140993935236144_5409937680223762691_n.webp?stp=dst-jpg&amp;_nc_cat=100&amp;ccb=1-7&amp;_nc_sid=8ae9d6&amp;_nc_ohc=gtlOFEDXznIAX9Cb-Kg&amp;_nc_ht=scontent-lax3-2.cdninstagram.com&amp;edm=ANo9K5cEAAAA&amp;oh=00_AfDqrIFZ6P8cvDMvlGmBadGZ-bpXIWyDjwFKMzsZHk3pZw&amp;oe=63CCC93E&quot;,&quot;320&quot;:&quot;https:\\\/\\\/scontent-lax3-2.cdninstagram.com\\\/v\\\/t51.29350-15\\\/293548086_140993935236144_5409937680223762691_n.webp?stp=dst-jpg&amp;_nc_cat=100&amp;ccb=1-7&amp;_nc_sid=8ae9d6&amp;_nc_ohc=gtlOFEDXznIAX9Cb-Kg&amp;_nc_ht=scontent-lax3-2.cdninstagram.com&amp;edm=ANo9K5cEAAAA&amp;oh=00_AfDqrIFZ6P8cvDMvlGmBadGZ-bpXIWyDjwFKMzsZHk3pZw&amp;oe=63CCC93E&quot;,&quot;640&quot;:&quot;https:\\\/\\\/scontent-lax3-2.cdninstagram.com\\\/v\\\/t51.29350-15\\\/293548086_140993935236144_5409937680223762691_n.webp?stp=dst-jpg&amp;_nc_cat=100&amp;ccb=1-7&amp;_nc_sid=8ae9d6&amp;_nc_ohc=gtlOFEDXznIAX9Cb-Kg&amp;_nc_ht=scontent-lax3-2.cdninstagram.com&amp;edm=ANo9K5cEAAAA&amp;oh=00_AfDqrIFZ6P8cvDMvlGmBadGZ-bpXIWyDjwFKMzsZHk3pZw&amp;oe=63CCC93E&quot;}\">\n\t\t\t<span class=\"sbi-screenreader\">Repost! @jcipanamaoeste\n\nFelicidades a nuestra mie<\/span>\n\t\t\t<svg class=\"svg-inline--fa fa-clone fa-w-16 sbi_lightbox_carousel_icon\" aria-hidden=\"true\" aria-label=\"Clone\" data-fa-pro\u0192cessed=\"\" data-prefix=\"far\" data-icon=\"clone\" role=\"img\" xmlns=\"http:\/\/www.w3.org\/2000\/svg\" viewBox=\"0 0 512 512\">\n                    <path fill=\"currentColor\" d=\"M464 0H144c-26.51 0-48 21.49-48 48v48H48c-26.51 0-48 21.49-48 48v320c0 26.51 21.49 48 48 48h320c26.51 0 48-21.49 48-48v-48h48c26.51 0 48-21.49 48-48V48c0-26.51-21.49-48-48-48zM362 464H54a6 6 0 0 1-6-6V150a6 6 0 0 1 6-6h42v224c0 26.51 21.49 48 48 48h224v42a6 6 0 0 1-6 6zm96-96H150a6 6 0 0 1-6-6V54a6 6 0 0 1 6-6h308a6 6 0 0 1 6 6v308a6 6 0 0 1-6 6z\"><\/path>\n                <\/svg>\t\t\t\t\t\t<img decoding=\"async\" src=\"https:\/\/www.jcicdp.org\/es\/wp-content\/plugins\/instagram-feed\/img\/placeholder.png\" alt=\"Repost! @jcipanamaoeste\n\nFelicidades a nuestra miembro y Pasada Presidenta Local Melanie\npor representar a nuestra OL.\n----------------------------------------\nEl d\u00eda s\u00e1bado 9 de julio se dio inicio al proyecto enmarcado en la iniciativa RISE que impulsa la JCI y que se titula &quot;Potencia Tu Marca&quot; \n\nEn esta primera sesi\u00f3n tuvimos tres incre\u00edbles temas con grandes expositores que nos motivaron a potenciar nuestros emprendimientos.\n\nGracias @samuikun @melybermudez20 y eric19315 por atreverse y decir S\u00cd al reto y a continuaci\u00f3n, les dejamos sus perfiles para que los conozcan\n\n#PotenciaTuMarca #SiLoSue\u00f1asLoLogras #SumandoLideres\" aria-hidden=\"true\">\n\t\t<\/a>\n\t<\/div>\n<\/div><div class=\"sbi_item sbi_type_carousel sbi_new sbi_transition\"\n\tid=\"sbi_17947949677992692\" data-date=\"1656295694\">\n\t<div class=\"sbi_photo_wrap\">\n\t\t<a class=\"sbi_photo\" href=\"https:\/\/www.instagram.com\/p\/CfSpkQANBwd\/\" target=\"_blank\" rel=\"noopener nofollow\" data-full-res=\"https:\/\/scontent-lax3-2.cdninstagram.com\/v\/t51.29350-15\/290428810_774063177285553_4216243479473500336_n.webp?stp=dst-jpg&#038;_nc_cat=102&#038;ccb=1-7&#038;_nc_sid=8ae9d6&#038;_nc_ohc=IyIzqkgzsbQAX_rt252&#038;_nc_ht=scontent-lax3-2.cdninstagram.com&#038;edm=ANo9K5cEAAAA&#038;oh=00_AfCjQND-kJkRhpGGEL-G119wBLK4NPQ1Gu8c_9cYEwlFPw&#038;oe=63CBA7F9\" data-img-src-set=\"{&quot;d&quot;:&quot;https:\\\/\\\/scontent-lax3-2.cdninstagram.com\\\/v\\\/t51.29350-15\\\/290428810_774063177285553_4216243479473500336_n.webp?stp=dst-jpg&amp;_nc_cat=102&amp;ccb=1-7&amp;_nc_sid=8ae9d6&amp;_nc_ohc=IyIzqkgzsbQAX_rt252&amp;_nc_ht=scontent-lax3-2.cdninstagram.com&amp;edm=ANo9K5cEAAAA&amp;oh=00_AfCjQND-kJkRhpGGEL-G119wBLK4NPQ1Gu8c_9cYEwlFPw&amp;oe=63CBA7F9&quot;,&quot;150&quot;:&quot;https:\\\/\\\/scontent-lax3-2.cdninstagram.com\\\/v\\\/t51.29350-15\\\/290428810_774063177285553_4216243479473500336_n.webp?stp=dst-jpg&amp;_nc_cat=102&amp;ccb=1-7&amp;_nc_sid=8ae9d6&amp;_nc_ohc=IyIzqkgzsbQAX_rt252&amp;_nc_ht=scontent-lax3-2.cdninstagram.com&amp;edm=ANo9K5cEAAAA&amp;oh=00_AfCjQND-kJkRhpGGEL-G119wBLK4NPQ1Gu8c_9cYEwlFPw&amp;oe=63CBA7F9&quot;,&quot;320&quot;:&quot;https:\\\/\\\/scontent-lax3-2.cdninstagram.com\\\/v\\\/t51.29350-15\\\/290428810_774063177285553_4216243479473500336_n.webp?stp=dst-jpg&amp;_nc_cat=102&amp;ccb=1-7&amp;_nc_sid=8ae9d6&amp;_nc_ohc=IyIzqkgzsbQAX_rt252&amp;_nc_ht=scontent-lax3-2.cdninstagram.com&amp;edm=ANo9K5cEAAAA&amp;oh=00_AfCjQND-kJkRhpGGEL-G119wBLK4NPQ1Gu8c_9cYEwlFPw&amp;oe=63CBA7F9&quot;,&quot;640&quot;:&quot;https:\\\/\\\/scontent-lax3-2.cdninstagram.com\\\/v\\\/t51.29350-15\\\/290428810_774063177285553_4216243479473500336_n.webp?stp=dst-jpg&amp;_nc_cat=102&amp;ccb=1-7&amp;_nc_sid=8ae9d6&amp;_nc_ohc=IyIzqkgzsbQAX_rt252&amp;_nc_ht=scontent-lax3-2.cdninstagram.com&amp;edm=ANo9K5cEAAAA&amp;oh=00_AfCjQND-kJkRhpGGEL-G119wBLK4NPQ1Gu8c_9cYEwlFPw&amp;oe=63CBA7F9&quot;}\">\n\t\t\t<span class=\"sbi-screenreader\">Este fin de semana, estuvo cargadisimo de aprendiz<\/span>\n\t\t\t<svg class=\"svg-inline--fa fa-clone fa-w-16 sbi_lightbox_carousel_icon\" aria-hidden=\"true\" aria-label=\"Clone\" data-fa-pro\u0192cessed=\"\" data-prefix=\"far\" data-icon=\"clone\" role=\"img\" xmlns=\"http:\/\/www.w3.org\/2000\/svg\" viewBox=\"0 0 512 512\">\n                    <path fill=\"currentColor\" d=\"M464 0H144c-26.51 0-48 21.49-48 48v48H48c-26.51 0-48 21.49-48 48v320c0 26.51 21.49 48 48 48h320c26.51 0 48-21.49 48-48v-48h48c26.51 0 48-21.49 48-48V48c0-26.51-21.49-48-48-48zM362 464H54a6 6 0 0 1-6-6V150a6 6 0 0 1 6-6h42v224c0 26.51 21.49 48 48 48h224v42a6 6 0 0 1-6 6zm96-96H150a6 6 0 0 1-6-6V54a6 6 0 0 1 6-6h308a6 6 0 0 1 6 6v308a6 6 0 0 1-6 6z\"><\/path>\n                <\/svg>\t\t\t\t\t\t<img decoding=\"async\" src=\"https:\/\/www.jcicdp.org\/es\/wp-content\/plugins\/instagram-feed\/img\/placeholder.png\" alt=\"Este fin de semana, estuvo cargadisimo de aprendizaje \ud83d\udcaf\n.\nCon \u00e9xito se llev\u00f3 a cabo nuestro Taller &quot; Trabaja en tus competencias&quot; donde pudimos trabajar en grupo y a la vez recibir las experiencias de nuestros especialistas en temas de Liderazgo, Creatividad y Bienestar.\n.\nLe damos las gracias a los chic@s de Huertos del Ed\u00e9n, a nuestros miembros y sobretodo a nuestros participantes\ud83d\ude42 por creer en este proyecto y ser parte.\n.\nIgual especial agradecimiento a nuestros facilitadores que nos brindaron su tiempo y compartieron sus experiencias y consejos.\ud83d\udc90\n\n#MueveteEnPositivo #SumandoLideres @jcileaders\" aria-hidden=\"true\">\n\t\t<\/a>\n\t<\/div>\n<\/div><div class=\"sbi_item sbi_type_carousel sbi_new sbi_transition\"\n\tid=\"sbi_18276733417075383\" data-date=\"1655913277\">\n\t<div class=\"sbi_photo_wrap\">\n\t\t<a class=\"sbi_photo\" href=\"https:\/\/www.instagram.com\/p\/CfHQKd6r58U\/\" target=\"_blank\" rel=\"noopener nofollow\" data-full-res=\"https:\/\/scontent-lax3-2.cdninstagram.com\/v\/t51.29350-15\/289860328_1763109927357608_1082887631460924870_n.webp?stp=dst-jpg&#038;_nc_cat=104&#038;ccb=1-7&#038;_nc_sid=8ae9d6&#038;_nc_ohc=GickUSrb2s8AX8RGbLT&#038;_nc_ht=scontent-lax3-2.cdninstagram.com&#038;edm=ANo9K5cEAAAA&#038;oh=00_AfBFXP90o9qHqZT6IfyaWABoPKKUPfR9ghocUhmGV-KJdg&#038;oe=63CB7AF2\" data-img-src-set=\"{&quot;d&quot;:&quot;https:\\\/\\\/scontent-lax3-2.cdninstagram.com\\\/v\\\/t51.29350-15\\\/289860328_1763109927357608_1082887631460924870_n.webp?stp=dst-jpg&amp;_nc_cat=104&amp;ccb=1-7&amp;_nc_sid=8ae9d6&amp;_nc_ohc=GickUSrb2s8AX8RGbLT&amp;_nc_ht=scontent-lax3-2.cdninstagram.com&amp;edm=ANo9K5cEAAAA&amp;oh=00_AfBFXP90o9qHqZT6IfyaWABoPKKUPfR9ghocUhmGV-KJdg&amp;oe=63CB7AF2&quot;,&quot;150&quot;:&quot;https:\\\/\\\/scontent-lax3-2.cdninstagram.com\\\/v\\\/t51.29350-15\\\/289860328_1763109927357608_1082887631460924870_n.webp?stp=dst-jpg&amp;_nc_cat=104&amp;ccb=1-7&amp;_nc_sid=8ae9d6&amp;_nc_ohc=GickUSrb2s8AX8RGbLT&amp;_nc_ht=scontent-lax3-2.cdninstagram.com&amp;edm=ANo9K5cEAAAA&amp;oh=00_AfBFXP90o9qHqZT6IfyaWABoPKKUPfR9ghocUhmGV-KJdg&amp;oe=63CB7AF2&quot;,&quot;320&quot;:&quot;https:\\\/\\\/scontent-lax3-2.cdninstagram.com\\\/v\\\/t51.29350-15\\\/289860328_1763109927357608_1082887631460924870_n.webp?stp=dst-jpg&amp;_nc_cat=104&amp;ccb=1-7&amp;_nc_sid=8ae9d6&amp;_nc_ohc=GickUSrb2s8AX8RGbLT&amp;_nc_ht=scontent-lax3-2.cdninstagram.com&amp;edm=ANo9K5cEAAAA&amp;oh=00_AfBFXP90o9qHqZT6IfyaWABoPKKUPfR9ghocUhmGV-KJdg&amp;oe=63CB7AF2&quot;,&quot;640&quot;:&quot;https:\\\/\\\/scontent-lax3-2.cdninstagram.com\\\/v\\\/t51.29350-15\\\/289860328_1763109927357608_1082887631460924870_n.webp?stp=dst-jpg&amp;_nc_cat=104&amp;ccb=1-7&amp;_nc_sid=8ae9d6&amp;_nc_ohc=GickUSrb2s8AX8RGbLT&amp;_nc_ht=scontent-lax3-2.cdninstagram.com&amp;edm=ANo9K5cEAAAA&amp;oh=00_AfBFXP90o9qHqZT6IfyaWABoPKKUPfR9ghocUhmGV-KJdg&amp;oe=63CB7AF2&quot;}\">\n\t\t\t<span class=\"sbi-screenreader\">Si est\u00e1s interesado en crecer profesionalmente, de<\/span>\n\t\t\t<svg class=\"svg-inline--fa fa-clone fa-w-16 sbi_lightbox_carousel_icon\" aria-hidden=\"true\" aria-label=\"Clone\" data-fa-pro\u0192cessed=\"\" data-prefix=\"far\" data-icon=\"clone\" role=\"img\" xmlns=\"http:\/\/www.w3.org\/2000\/svg\" viewBox=\"0 0 512 512\">\n                    <path fill=\"currentColor\" d=\"M464 0H144c-26.51 0-48 21.49-48 48v48H48c-26.51 0-48 21.49-48 48v320c0 26.51 21.49 48 48 48h320c26.51 0 48-21.49 48-48v-48h48c26.51 0 48-21.49 48-48V48c0-26.51-21.49-48-48-48zM362 464H54a6 6 0 0 1-6-6V150a6 6 0 0 1 6-6h42v224c0 26.51 21.49 48 48 48h224v42a6 6 0 0 1-6 6zm96-96H150a6 6 0 0 1-6-6V54a6 6 0 0 1 6-6h308a6 6 0 0 1 6 6v308a6 6 0 0 1-6 6z\"><\/path>\n                <\/svg>\t\t\t\t\t\t<img decoding=\"async\" src=\"https:\/\/www.jcicdp.org\/es\/wp-content\/plugins\/instagram-feed\/img\/placeholder.png\" alt=\"Si est\u00e1s interesado en crecer profesionalmente, desarrollar tus habilidades en competencias importantes. Este workshop es para ti. Reserva tu cupo por DM o escr\u00edbenos por correo para darte m\u00e1s detalles. \n\nEsta actividad ser\u00e1 presencial lo que permite generar networking con otros j\u00f3venes del pa\u00eds. \nSumate a esta iniciativa para generar cambios positivos. \n\nConoce a nuestros facilitadores:\n\nSheilja @sheiljaarora\nAriadna @ariadnareal \nCynthia @cyntulipano\nJos\u00e9 @choco_worlwide\nNathali @nath_calderons\nKatherine @kathycrp \n\n#jovenes #profesional #competencias #creatividad #workshop #aprendizaje #networking\" aria-hidden=\"true\">\n\t\t<\/a>\n\t<\/div>\n<\/div><div class=\"sbi_item sbi_type_image sbi_new sbi_transition\"\n\tid=\"sbi_18233384674114467\" data-date=\"1655258630\">\n\t<div class=\"sbi_photo_wrap\">\n\t\t<a class=\"sbi_photo\" href=\"https:\/\/www.instagram.com\/p\/CezvhhnNYiT\/\" target=\"_blank\" rel=\"noopener nofollow\" data-full-res=\"https:\/\/scontent-lax3-2.cdninstagram.com\/v\/t51.29350-15\/287583422_904594594273471_687182590447299458_n.webp?stp=dst-jpg&#038;_nc_cat=110&#038;ccb=1-7&#038;_nc_sid=8ae9d6&#038;_nc_ohc=2YFrm7TqNq8AX9_fpr1&#038;_nc_ht=scontent-lax3-2.cdninstagram.com&#038;edm=ANo9K5cEAAAA&#038;oh=00_AfAsRq95x6TxpcqC-O1YJHyrSjE4aOLrEQLi2J75Uo5c9g&#038;oe=63CB32AD\" data-img-src-set=\"{&quot;d&quot;:&quot;https:\\\/\\\/scontent-lax3-2.cdninstagram.com\\\/v\\\/t51.29350-15\\\/287583422_904594594273471_687182590447299458_n.webp?stp=dst-jpg&amp;_nc_cat=110&amp;ccb=1-7&amp;_nc_sid=8ae9d6&amp;_nc_ohc=2YFrm7TqNq8AX9_fpr1&amp;_nc_ht=scontent-lax3-2.cdninstagram.com&amp;edm=ANo9K5cEAAAA&amp;oh=00_AfAsRq95x6TxpcqC-O1YJHyrSjE4aOLrEQLi2J75Uo5c9g&amp;oe=63CB32AD&quot;,&quot;150&quot;:&quot;https:\\\/\\\/scontent-lax3-2.cdninstagram.com\\\/v\\\/t51.29350-15\\\/287583422_904594594273471_687182590447299458_n.webp?stp=dst-jpg&amp;_nc_cat=110&amp;ccb=1-7&amp;_nc_sid=8ae9d6&amp;_nc_ohc=2YFrm7TqNq8AX9_fpr1&amp;_nc_ht=scontent-lax3-2.cdninstagram.com&amp;edm=ANo9K5cEAAAA&amp;oh=00_AfAsRq95x6TxpcqC-O1YJHyrSjE4aOLrEQLi2J75Uo5c9g&amp;oe=63CB32AD&quot;,&quot;320&quot;:&quot;https:\\\/\\\/scontent-lax3-2.cdninstagram.com\\\/v\\\/t51.29350-15\\\/287583422_904594594273471_687182590447299458_n.webp?stp=dst-jpg&amp;_nc_cat=110&amp;ccb=1-7&amp;_nc_sid=8ae9d6&amp;_nc_ohc=2YFrm7TqNq8AX9_fpr1&amp;_nc_ht=scontent-lax3-2.cdninstagram.com&amp;edm=ANo9K5cEAAAA&amp;oh=00_AfAsRq95x6TxpcqC-O1YJHyrSjE4aOLrEQLi2J75Uo5c9g&amp;oe=63CB32AD&quot;,&quot;640&quot;:&quot;https:\\\/\\\/scontent-lax3-2.cdninstagram.com\\\/v\\\/t51.29350-15\\\/287583422_904594594273471_687182590447299458_n.webp?stp=dst-jpg&amp;_nc_cat=110&amp;ccb=1-7&amp;_nc_sid=8ae9d6&amp;_nc_ohc=2YFrm7TqNq8AX9_fpr1&amp;_nc_ht=scontent-lax3-2.cdninstagram.com&amp;edm=ANo9K5cEAAAA&amp;oh=00_AfAsRq95x6TxpcqC-O1YJHyrSjE4aOLrEQLi2J75Uo5c9g&amp;oe=63CB32AD&quot;}\">\n\t\t\t<span class=\"sbi-screenreader\">Atenci\u00f3n\ud83d\udce3 te presentamos nuestro siguiente evento!<\/span>\n\t\t\t\t\t\t\t\t\t<img decoding=\"async\" src=\"https:\/\/www.jcicdp.org\/es\/wp-content\/plugins\/instagram-feed\/img\/placeholder.png\" alt=\"Atenci\u00f3n\ud83d\udce3 te presentamos nuestro siguiente evento! \n~Trabaja en tus competencias ~ donde compartiremos con estos extraordinarios l\u00edderes y capacitadores, diversos temas donde desarrollaremos habilidades para nuestro liderazgo, bienestar y creatividad \ud83d\udca5\n.\n\u27a1\ufe0fTe invitamos a ser parte de este evento, que se dar\u00e1 a cabo el pr\u00f3ximo 25 de junio, Hotel El Panam\u00e1, 1pm.\n.\nPara mayor informaci\u00f3n. No dudes en contactarnos!!!\ud83d\ude03 DM o mediante nuestro correo hola@jcicdp.org\ud83d\udce9\" aria-hidden=\"true\">\n\t\t<\/a>\n\t<\/div>\n<\/div><div class=\"sbi_item sbi_type_carousel sbi_new sbi_transition\"\n\tid=\"sbi_17850397397777145\" data-date=\"1654562292\">\n\t<div class=\"sbi_photo_wrap\">\n\t\t<a class=\"sbi_photo\" href=\"https:\/\/www.instagram.com\/p\/Cee_XT4rJj3\/\" target=\"_blank\" rel=\"noopener nofollow\" data-full-res=\"https:\/\/scontent-lax3-2.cdninstagram.com\/v\/t51.29350-15\/286409483_744083500285345_7663210401647110848_n.webp?stp=dst-jpg&#038;_nc_cat=101&#038;ccb=1-7&#038;_nc_sid=8ae9d6&#038;_nc_ohc=IVH_t5a5IokAX92II7D&#038;_nc_ht=scontent-lax3-2.cdninstagram.com&#038;edm=ANo9K5cEAAAA&#038;oh=00_AfBwXrpMoLBHXGbhsVuFisq3j0oehCarCl781ytQt8Lq-Q&#038;oe=63CB3E15\" data-img-src-set=\"{&quot;d&quot;:&quot;https:\\\/\\\/scontent-lax3-2.cdninstagram.com\\\/v\\\/t51.29350-15\\\/286409483_744083500285345_7663210401647110848_n.webp?stp=dst-jpg&amp;_nc_cat=101&amp;ccb=1-7&amp;_nc_sid=8ae9d6&amp;_nc_ohc=IVH_t5a5IokAX92II7D&amp;_nc_ht=scontent-lax3-2.cdninstagram.com&amp;edm=ANo9K5cEAAAA&amp;oh=00_AfBwXrpMoLBHXGbhsVuFisq3j0oehCarCl781ytQt8Lq-Q&amp;oe=63CB3E15&quot;,&quot;150&quot;:&quot;https:\\\/\\\/scontent-lax3-2.cdninstagram.com\\\/v\\\/t51.29350-15\\\/286409483_744083500285345_7663210401647110848_n.webp?stp=dst-jpg&amp;_nc_cat=101&amp;ccb=1-7&amp;_nc_sid=8ae9d6&amp;_nc_ohc=IVH_t5a5IokAX92II7D&amp;_nc_ht=scontent-lax3-2.cdninstagram.com&amp;edm=ANo9K5cEAAAA&amp;oh=00_AfBwXrpMoLBHXGbhsVuFisq3j0oehCarCl781ytQt8Lq-Q&amp;oe=63CB3E15&quot;,&quot;320&quot;:&quot;https:\\\/\\\/scontent-lax3-2.cdninstagram.com\\\/v\\\/t51.29350-15\\\/286409483_744083500285345_7663210401647110848_n.webp?stp=dst-jpg&amp;_nc_cat=101&amp;ccb=1-7&amp;_nc_sid=8ae9d6&amp;_nc_ohc=IVH_t5a5IokAX92II7D&amp;_nc_ht=scontent-lax3-2.cdninstagram.com&amp;edm=ANo9K5cEAAAA&amp;oh=00_AfBwXrpMoLBHXGbhsVuFisq3j0oehCarCl781ytQt8Lq-Q&amp;oe=63CB3E15&quot;,&quot;640&quot;:&quot;https:\\\/\\\/scontent-lax3-2.cdninstagram.com\\\/v\\\/t51.29350-15\\\/286409483_744083500285345_7663210401647110848_n.webp?stp=dst-jpg&amp;_nc_cat=101&amp;ccb=1-7&amp;_nc_sid=8ae9d6&amp;_nc_ohc=IVH_t5a5IokAX92II7D&amp;_nc_ht=scontent-lax3-2.cdninstagram.com&amp;edm=ANo9K5cEAAAA&amp;oh=00_AfBwXrpMoLBHXGbhsVuFisq3j0oehCarCl781ytQt8Lq-Q&amp;oe=63CB3E15&quot;}\">\n\t\t\t<span class=\"sbi-screenreader\">Con mucho orgullo el pasado 23 de mayo celebramos <\/span>\n\t\t\t<svg class=\"svg-inline--fa fa-clone fa-w-16 sbi_lightbox_carousel_icon\" aria-hidden=\"true\" aria-label=\"Clone\" data-fa-pro\u0192cessed=\"\" data-prefix=\"far\" data-icon=\"clone\" role=\"img\" xmlns=\"http:\/\/www.w3.org\/2000\/svg\" viewBox=\"0 0 512 512\">\n                    <path fill=\"currentColor\" d=\"M464 0H144c-26.51 0-48 21.49-48 48v48H48c-26.51 0-48 21.49-48 48v320c0 26.51 21.49 48 48 48h320c26.51 0 48-21.49 48-48v-48h48c26.51 0 48-21.49 48-48V48c0-26.51-21.49-48-48-48zM362 464H54a6 6 0 0 1-6-6V150a6 6 0 0 1 6-6h42v224c0 26.51 21.49 48 48 48h224v42a6 6 0 0 1-6 6zm96-96H150a6 6 0 0 1-6-6V54a6 6 0 0 1 6-6h308a6 6 0 0 1 6 6v308a6 6 0 0 1-6 6z\"><\/path>\n                <\/svg>\t\t\t\t\t\t<img decoding=\"async\" src=\"https:\/\/www.jcicdp.org\/es\/wp-content\/plugins\/instagram-feed\/img\/placeholder.png\" alt=\"Con mucho orgullo el pasado 23 de mayo celebramos nuestro 79 aniversario con una cena en homenaje a nuestro Senador Alberto Vel\u00e1squez, quien con basta trayectoria ha realizado aportes significativos a nuestra sociedad y ha llevado el nombre de JCI antes conocida como la C\u00e1mara J\u00fanior muy en alto!\ud83c\udf89\u2728\n.\nIgualmente agradecemos a todos nuestros senadores, miembros e invitados especiales por ser parte de esta conmemoraci\u00f3n y seguir creyendo en la sociedad de ciudadanos activos.\n\nFelicidades nuevamente y que sean muchos m\u00e1s \ud83d\udc90\n\n@jcileaders #SumandoLideres #MueveteEnPositivo\" aria-hidden=\"true\">\n\t\t<\/a>\n\t<\/div>\n<\/div><div class=\"sbi_item sbi_type_image sbi_new sbi_transition\"\n\tid=\"sbi_17944102895000383\" data-date=\"1653355942\">\n\t<div class=\"sbi_photo_wrap\">\n\t\t<a class=\"sbi_photo\" href=\"https:\/\/www.instagram.com\/p\/Cd7Cb3yrbfQ\/\" target=\"_blank\" rel=\"noopener nofollow\" data-full-res=\"https:\/\/scontent-lax3-2.cdninstagram.com\/v\/t51.29350-15\/283680830_112335821484443_495064156927409877_n.webp?stp=dst-jpg&#038;_nc_cat=106&#038;ccb=1-7&#038;_nc_sid=8ae9d6&#038;_nc_ohc=L8M_NmEVMkQAX-AReWo&#038;_nc_ht=scontent-lax3-2.cdninstagram.com&#038;edm=ANo9K5cEAAAA&#038;oh=00_AfBcuRjPfjO5ZLvMdQGkUFQ7M0dztS4BN5Y9VIILmrQCcw&#038;oe=63CC8A68\" data-img-src-set=\"{&quot;d&quot;:&quot;https:\\\/\\\/scontent-lax3-2.cdninstagram.com\\\/v\\\/t51.29350-15\\\/283680830_112335821484443_495064156927409877_n.webp?stp=dst-jpg&amp;_nc_cat=106&amp;ccb=1-7&amp;_nc_sid=8ae9d6&amp;_nc_ohc=L8M_NmEVMkQAX-AReWo&amp;_nc_ht=scontent-lax3-2.cdninstagram.com&amp;edm=ANo9K5cEAAAA&amp;oh=00_AfBcuRjPfjO5ZLvMdQGkUFQ7M0dztS4BN5Y9VIILmrQCcw&amp;oe=63CC8A68&quot;,&quot;150&quot;:&quot;https:\\\/\\\/scontent-lax3-2.cdninstagram.com\\\/v\\\/t51.29350-15\\\/283680830_112335821484443_495064156927409877_n.webp?stp=dst-jpg&amp;_nc_cat=106&amp;ccb=1-7&amp;_nc_sid=8ae9d6&amp;_nc_ohc=L8M_NmEVMkQAX-AReWo&amp;_nc_ht=scontent-lax3-2.cdninstagram.com&amp;edm=ANo9K5cEAAAA&amp;oh=00_AfBcuRjPfjO5ZLvMdQGkUFQ7M0dztS4BN5Y9VIILmrQCcw&amp;oe=63CC8A68&quot;,&quot;320&quot;:&quot;https:\\\/\\\/scontent-lax3-2.cdninstagram.com\\\/v\\\/t51.29350-15\\\/283680830_112335821484443_495064156927409877_n.webp?stp=dst-jpg&amp;_nc_cat=106&amp;ccb=1-7&amp;_nc_sid=8ae9d6&amp;_nc_ohc=L8M_NmEVMkQAX-AReWo&amp;_nc_ht=scontent-lax3-2.cdninstagram.com&amp;edm=ANo9K5cEAAAA&amp;oh=00_AfBcuRjPfjO5ZLvMdQGkUFQ7M0dztS4BN5Y9VIILmrQCcw&amp;oe=63CC8A68&quot;,&quot;640&quot;:&quot;https:\\\/\\\/scontent-lax3-2.cdninstagram.com\\\/v\\\/t51.29350-15\\\/283680830_112335821484443_495064156927409877_n.webp?stp=dst-jpg&amp;_nc_cat=106&amp;ccb=1-7&amp;_nc_sid=8ae9d6&amp;_nc_ohc=L8M_NmEVMkQAX-AReWo&amp;_nc_ht=scontent-lax3-2.cdninstagram.com&amp;edm=ANo9K5cEAAAA&amp;oh=00_AfBcuRjPfjO5ZLvMdQGkUFQ7M0dztS4BN5Y9VIILmrQCcw&amp;oe=63CC8A68&quot;}\">\n\t\t\t<span class=\"sbi-screenreader\">@jcipanama \n--------------------------------------<\/span>\n\t\t\t\t\t\t\t\t\t<img decoding=\"async\" src=\"https:\/\/www.jcicdp.org\/es\/wp-content\/plugins\/instagram-feed\/img\/placeholder.png\" alt=\"@jcipanama \n----------------------------------------\nJCI es una organizaci\u00f3n con 79 a\u00f1os de existencia en el pa\u00eds. Es una organizaci\u00f3n que desarrolla el liderazgo y empoderamiento de j\u00f3venes.  Hoy celebramos a todos los que han pasado por esta organizaci\u00f3n, han vivido sus valores y gracias a est\u00e1, son l\u00edderes en sus \u00e1reas de acci\u00f3n profesionales y comunitario.\nFelicidades por sus 79a\u00f1os\ud83c\uddf5\ud83c\udde6\n\n#jci #jcipanama #somosjci #wearejci #jciworld\" aria-hidden=\"true\">\n\t\t<\/a>\n\t<\/div>\n<\/div>\t<\/div>\n\n\t<div id=\"sbi_load\" >\n\n\t\t\t<button class=\"sbi_load_btn\"\n\t\t\ttype=\"button\" >\n\t\t\t<span class=\"sbi_btn_text\" >Cargar m\u00e1s...<\/span>\n\t\t\t<span class=\"sbi_loader sbi_hidden\" style=\"background-color: rgb(255, 255, 255);\" aria-hidden=\"true\"><\/span>\n\t\t<\/button>\n\t\n\t\t\t<span class=\"sbi_follow_btn\" >\n\t\t\t<a target=\"_blank\" rel=\"nofollow noopener\" href=\"https:\/\/www.instagram.com\/jcicdepanama\/\">\n\t\t\t\t<svg class=\"svg-inline--fa fa-instagram fa-w-14\" aria-hidden=\"true\" data-fa-processed=\"\" aria-label=\"Instagram\" data-prefix=\"fab\" data-icon=\"instagram\" role=\"img\" viewBox=\"0 0 448 512\">\n                    <path fill=\"currentColor\" d=\"M224.1 141c-63.6 0-114.9 51.3-114.9 114.9s51.3 114.9 114.9 114.9S339 319.5 339 255.9 287.7 141 224.1 141zm0 189.6c-41.1 0-74.7-33.5-74.7-74.7s33.5-74.7 74.7-74.7 74.7 33.5 74.7 74.7-33.6 74.7-74.7 74.7zm146.4-194.3c0 14.9-12 26.8-26.8 26.8-14.9 0-26.8-12-26.8-26.8s12-26.8 26.8-26.8 26.8 12 26.8 26.8zm76.1 27.2c-1.7-35.9-9.9-67.7-36.2-93.9-26.2-26.2-58-34.4-93.9-36.2-37-2.1-147.9-2.1-184.9 0-35.8 1.7-67.6 9.9-93.9 36.1s-34.4 58-36.2 93.9c-2.1 37-2.1 147.9 0 184.9 1.7 35.9 9.9 67.7 36.2 93.9s58 34.4 93.9 36.2c37 2.1 147.9 2.1 184.9 0 35.9-1.7 67.7-9.9 93.9-36.2 26.2-26.2 34.4-58 36.2-93.9 2.1-37 2.1-147.8 0-184.8zM398.8 388c-7.8 19.6-22.9 34.7-42.6 42.6-29.5 11.7-99.5 9-132.1 9s-102.7 2.6-132.1-9c-19.6-7.8-34.7-22.9-42.6-42.6-11.7-29.5-9-99.5-9-132.1s-2.6-102.7 9-132.1c7.8-19.6 22.9-34.7 42.6-42.6 29.5-11.7 99.5-9 132.1-9s102.7-2.6 132.1 9c19.6 7.8 34.7 22.9 42.6 42.6 11.7 29.5 9 99.5 9 132.1s2.7 102.7-9 132.1z\"><\/path>\n                <\/svg>\t\t\t\t<span>S\u00edguenos en Instagram<\/span>\n\t\t\t<\/a>\n\t\t<\/span>\n\t\n<\/div>\n\t\t<span class=\"sbi_resized_image_data\" data-feed-id=\"sbi_17841400205375563#20\"\n\t\t  data-resized=\"{&quot;17947949677992692&quot;:{&quot;id&quot;:&quot;290428810_774063177285553_4216243479473500336_n.webp&quot;,&quot;ratio&quot;:&quot;1.34&quot;,&quot;sizes&quot;:{&quot;full&quot;:640,&quot;low&quot;:320,&quot;thumb&quot;:150}},&quot;18276733417075383&quot;:{&quot;id&quot;:&quot;289860328_1763109927357608_1082887631460924870_n.webp&quot;,&quot;ratio&quot;:&quot;1.00&quot;,&quot;sizes&quot;:{&quot;full&quot;:640,&quot;low&quot;:320,&quot;thumb&quot;:150}},&quot;18233384674114467&quot;:{&quot;id&quot;:&quot;287583422_904594594273471_687182590447299458_n.webp&quot;,&quot;ratio&quot;:&quot;1.00&quot;,&quot;sizes&quot;:{&quot;full&quot;:640,&quot;low&quot;:320,&quot;thumb&quot;:150}},&quot;17850397397777145&quot;:{&quot;id&quot;:&quot;286409483_744083500285345_7663210401647110848_n.webp&quot;,&quot;ratio&quot;:&quot;1.00&quot;,&quot;sizes&quot;:{&quot;full&quot;:640,&quot;low&quot;:320,&quot;thumb&quot;:150}},&quot;17944102895000383&quot;:{&quot;id&quot;:&quot;283680830_112335821484443_495064156927409877_n.webp&quot;,&quot;ratio&quot;:&quot;1.08&quot;,&quot;sizes&quot;:{&quot;full&quot;:640,&quot;low&quot;:320,&quot;thumb&quot;:150}},&quot;18308965354038012&quot;:{&quot;id&quot;:&quot;293548086_140993935236144_5409937680223762691_n.webp&quot;,&quot;ratio&quot;:&quot;1.00&quot;,&quot;sizes&quot;:{&quot;full&quot;:640,&quot;low&quot;:320,&quot;thumb&quot;:150}},&quot;18060567577321986&quot;:{&quot;id&quot;:&quot;296737411_194331686283088_6896384417755863549_n.webp&quot;,&quot;ratio&quot;:&quot;1.00&quot;,&quot;sizes&quot;:{&quot;full&quot;:640,&quot;low&quot;:320,&quot;thumb&quot;:150}},&quot;17983756840562525&quot;:{&quot;id&quot;:&quot;298783456_743902416844979_4175559499137525662_n.webp&quot;,&quot;ratio&quot;:&quot;1.00&quot;,&quot;sizes&quot;:{&quot;full&quot;:640,&quot;low&quot;:320,&quot;thumb&quot;:150}},&quot;17949063017295141&quot;:{&quot;id&quot;:&quot;307421659_483070370103056_7654038756967724396_n.webp&quot;,&quot;ratio&quot;:&quot;1.00&quot;,&quot;sizes&quot;:{&quot;full&quot;:640,&quot;low&quot;:320,&quot;thumb&quot;:150}},&quot;17980111363712156&quot;:{&quot;id&quot;:&quot;310801566_828432538311995_5920592643896622273_n.webp&quot;,&quot;ratio&quot;:&quot;0.80&quot;,&quot;sizes&quot;:{&quot;full&quot;:640,&quot;low&quot;:320,&quot;thumb&quot;:150}},&quot;17903499437666330&quot;:{&quot;id&quot;:&quot;311643147_588406859748937_2176293536133649186_n.webp&quot;,&quot;ratio&quot;:&quot;1.78&quot;,&quot;sizes&quot;:{&quot;full&quot;:640,&quot;low&quot;:320,&quot;thumb&quot;:150}},&quot;17857147820824247&quot;:{&quot;id&quot;:&quot;311798964_664027108779474_2031538372993318039_n.webp&quot;,&quot;ratio&quot;:&quot;1.00&quot;,&quot;sizes&quot;:{&quot;full&quot;:640,&quot;low&quot;:320,&quot;thumb&quot;:150}},&quot;18222052132085657&quot;:{&quot;id&quot;:&quot;309623170_1715306998869336_7496185900964653351_n.webp&quot;,&quot;ratio&quot;:&quot;1.00&quot;,&quot;sizes&quot;:{&quot;full&quot;:640,&quot;low&quot;:320,&quot;thumb&quot;:150}},&quot;17890410371709899&quot;:{&quot;id&quot;:&quot;312387643_904836977159299_2835842717610000272_n.webp&quot;,&quot;ratio&quot;:&quot;1.00&quot;,&quot;sizes&quot;:{&quot;full&quot;:640,&quot;low&quot;:320,&quot;thumb&quot;:150}},&quot;18034293472398652&quot;:{&quot;id&quot;:&quot;312564116_532809218852934_1078793461899541858_n.webp&quot;,&quot;ratio&quot;:&quot;1.00&quot;,&quot;sizes&quot;:{&quot;full&quot;:640,&quot;low&quot;:320,&quot;thumb&quot;:150}},&quot;17975608267872905&quot;:{&quot;id&quot;:&quot;315206232_409493141266430_3067825625005717341_n.webp&quot;,&quot;ratio&quot;:&quot;1.00&quot;,&quot;sizes&quot;:{&quot;full&quot;:640,&quot;low&quot;:320,&quot;thumb&quot;:150}},&quot;17902895720690070&quot;:{&quot;id&quot;:&quot;317220204_3156904957954273_2734411316340253226_n.webp&quot;,&quot;ratio&quot;:&quot;1.00&quot;,&quot;sizes&quot;:{&quot;full&quot;:640,&quot;low&quot;:320,&quot;thumb&quot;:150}},&quot;17871478478808030&quot;:{&quot;id&quot;:&quot;321984409_3472601639630139_5687478632598001418_n.webp&quot;,&quot;ratio&quot;:&quot;1.00&quot;,&quot;sizes&quot;:{&quot;full&quot;:640,&quot;low&quot;:320,&quot;thumb&quot;:150}},&quot;17966947892309121&quot;:{&quot;id&quot;:&quot;322512880_1644286172696564_498796993638884157_n.webp&quot;,&quot;ratio&quot;:&quot;1.00&quot;,&quot;sizes&quot;:{&quot;full&quot;:640,&quot;low&quot;:320,&quot;thumb&quot;:150}},&quot;17980710214870056&quot;:{&quot;id&quot;:&quot;323978330_136576472331366_7635619683420751405_n.webp&quot;,&quot;ratio&quot;:&quot;1.00&quot;,&quot;sizes&quot;:{&quot;full&quot;:640,&quot;low&quot;:320,&quot;thumb&quot;:150}}}\">\n\t<\/span>\n\t<\/div>\n\n[\/vc_column_text][\/vc_column][\/vc_row][vc_row wrap_container=\u00bbyes\u00bb is_section=\u00bbyes\u00bb section_skin=\u00bbparallax\u00bb remove_margin_top=\u00bbyes\u00bb remove_margin_bottom=\u00bbyes\u00bb bg_type=\u00bbbg_color\u00bb bg_color_value=\u00bb#f2f2f2&#8243;][vc_column][vc_custom_heading text=\u00bb\u00daltimas <strong>Noticias<\/strong>\u00bb font_container=\u00bbtag:h2|text_align:center\u00bb use_theme_fonts=\u00bbyes\u00bb]<div class=\"porto-recent-posts wpb_content_element  wpb_custom_8d967c2e2658a31efb9fd37ae26ff686\">\t<div class=\"post-carousel porto-carousel owl-carousel has-ccols ccols-1 ccols-lg-4 ccols-md-3 ccols-sm-2 has-ccols-spacing\" data-plugin-options=\"{&quot;themeConfig&quot;:true,&quot;lg&quot;:4,&quot;md&quot;:3,&quot;sm&quot;:2,&quot;margin&quot;:30}\">\r\n\t\t<div class=\"post-slide\"><div class=\"post-item post-title-simple\">\r\n\t\t\t<a aria-label=\"Go to post page\" href=\"https:\/\/www.jcicdp.org\/es\/2021\/03\/04\/taller-el-poder-de-tu-marca-personal-en-linkedin\/\"> <span class=\"post-image thumb-info thumb-info-hide-wrapper-bg m-b-md\"> <span class=\"thumb-info-wrapper\"> <img fetchpriority=\"high\" decoding=\"async\" class=\"img-responsive\" width=\"450\" height=\"231\" src=\"https:\/\/www.jcicdp.org\/es\/wp-content\/uploads\/2021\/03\/1614529619028-450x231.jpeg\" alt=\"Taller: El Poder de tu Marca Personal en LinkedIn\" \/>\r\n\t\t\t<span class=\"zoom\" data-src=\"https:\/\/www.jcicdp.org\/es\/wp-content\/uploads\/2021\/03\/1614529619028.jpeg\" data-title=\"Taller: El Poder de tu Marca Personal en LinkedIn\"><i class=\"fas fa-search\"><\/i><\/span>\r\n\t\t<\/span> <\/span> <\/a>\r\n\t\t\t<div class=\"post-date\">\r\n\t\t<span class=\"day\">04<\/span><span class=\"month\">Mar<\/span><time datetime=\"2021-03-04\">4 marzo, 2021<\/time>\t<\/div>\r\n\t\t\t<h4><a href=\"https:\/\/www.jcicdp.org\/es\/2021\/03\/04\/taller-el-poder-de-tu-marca-personal-en-linkedin\/\">\r\n\t\tTaller: El Poder de tu Marca Personal en LinkedIn\t<\/a><\/h4>\r\n\t\t<div><p class=\"post-excerpt\">[vc_row][vc_column][vc_column_text]\u00bfNo entiendo LinkedIn?\ud83e\udd37\u200d\u2640\ufe0f\r\n\r\n\u00bfNo se que hacer con mi perfil?\ud83e\udd37\u200d\u2642\ufe0f\r\n\r\n\u00bfEstoy buscando trabajo y no se c\u00f3mo atraer reclutadores?\ud83e\udd37\u200d\u2640\ufe0f\r\n\r\nO \u00bftengo mi negocio,...  <a class=\"read-more\" href=\"https:\/\/www.jcicdp.org\/es\/2021\/03\/04\/taller-el-poder-de-tu-marca-personal-en-linkedin\/\">read more <i class=\"fas fa-angle-right\"><\/i><\/a><\/p><\/div> <\/div>\r\n<\/div><div class=\"post-slide\"><div class=\"post-item post-title-simple\">\r\n\t\t\t<a aria-label=\"Go to post page\" href=\"https:\/\/www.jcicdp.org\/es\/2019\/10\/07\/convencion-nacional-jci-panama-desarrollando-lideres-en-un-mundo-cambiante\/\"> <span class=\"post-image thumb-info thumb-info-hide-wrapper-bg m-b-md\"> <span class=\"thumb-info-wrapper\"> <img decoding=\"async\" class=\"img-responsive\" width=\"450\" height=\"231\" src=\"https:\/\/www.jcicdp.org\/es\/wp-content\/uploads\/2019\/10\/IMG-20191005-WA0028-450x231.jpg\" alt=\"\" \/>\r\n\t\t\t<span class=\"zoom\" data-src=\"https:\/\/www.jcicdp.org\/es\/wp-content\/uploads\/2019\/10\/IMG-20191005-WA0028.jpg\" data-title=\"\"><i class=\"fas fa-search\"><\/i><\/span>\r\n\t\t<\/span> <\/span> <\/a>\r\n\t\t\t<div class=\"post-date\">\r\n\t\t<span class=\"day\">07<\/span><span class=\"month\">Oct<\/span><time datetime=\"2019-10-07\">7 octubre, 2019<\/time>\t<\/div>\r\n\t\t\t<h4><a href=\"https:\/\/www.jcicdp.org\/es\/2019\/10\/07\/convencion-nacional-jci-panama-desarrollando-lideres-en-un-mundo-cambiante\/\">\r\n\t\tConvenci\u00f3n Nacional JCI Panam\u00e1 &#8211; Desarrollando L\u00edderes en un Mundo Cambiante\t<\/a><\/h4>\r\n\t\t<div><p class=\"post-excerpt\">[vc_row][vc_column][vc_column_text]Los primeros pasos para un 2020 lleno de \u00e9xito se basan en la preparaci\u00f3n de su membres\u00eda y as\u00ed fue...  <a class=\"read-more\" href=\"https:\/\/www.jcicdp.org\/es\/2019\/10\/07\/convencion-nacional-jci-panama-desarrollando-lideres-en-un-mundo-cambiante\/\">read more <i class=\"fas fa-angle-right\"><\/i><\/a><\/p><\/div> <\/div>\r\n<\/div><div class=\"post-slide\"><div class=\"post-item post-title-simple\">\r\n\t\t\t<a aria-label=\"Go to post page\" href=\"https:\/\/www.jcicdp.org\/es\/2019\/09\/23\/academia-de-funcionarios-nacionales\/\"> <span class=\"post-image thumb-info thumb-info-hide-wrapper-bg m-b-md\"> <span class=\"thumb-info-wrapper\"> <img decoding=\"async\" class=\"img-responsive\" width=\"450\" height=\"231\" src=\"https:\/\/www.jcicdp.org\/es\/wp-content\/uploads\/2019\/10\/IMG-20190921-WA0081-450x231.jpg\" alt=\"\" \/>\r\n\t\t\t<span class=\"zoom\" data-src=\"https:\/\/www.jcicdp.org\/es\/wp-content\/uploads\/2019\/10\/IMG-20190921-WA0081.jpg\" data-title=\"\"><i class=\"fas fa-search\"><\/i><\/span>\r\n\t\t<\/span> <\/span> <\/a>\r\n\t\t\t<div class=\"post-date\">\r\n\t\t<span class=\"day\">23<\/span><span class=\"month\">Sep<\/span><time datetime=\"2019-09-23\">23 septiembre, 2019<\/time>\t<\/div>\r\n\t\t\t<h4><a href=\"https:\/\/www.jcicdp.org\/es\/2019\/09\/23\/academia-de-funcionarios-nacionales\/\">\r\n\t\tAcademia de Funcionarios Nacionales\t<\/a><\/h4>\r\n\t\t<div><p class=\"post-excerpt\">[vc_row][vc_column][vc_column_text]\r\nComo parte de la preparaci\u00f3n a cargos nacionales 2020 la Junta Directiva Nacional bajo el liderazgo de la Pasada Presidenta...  <a class=\"read-more\" href=\"https:\/\/www.jcicdp.org\/es\/2019\/09\/23\/academia-de-funcionarios-nacionales\/\">read more <i class=\"fas fa-angle-right\"><\/i><\/a><\/p><\/div> <\/div>\r\n<\/div><div class=\"post-slide\"><div class=\"post-item post-title-simple\">\r\n\t\t\t<a aria-label=\"Go to post page\" href=\"https:\/\/www.jcicdp.org\/es\/2019\/09\/11\/conferencia-de-lideres\/\"> <span class=\"post-image thumb-info thumb-info-hide-wrapper-bg m-b-md\"> <span class=\"thumb-info-wrapper\"> <img loading=\"lazy\" decoding=\"async\" class=\"img-responsive\" width=\"450\" height=\"231\" src=\"https:\/\/www.jcicdp.org\/es\/wp-content\/uploads\/2019\/09\/WhatsApp-Image-2019-09-06-at-3.54.13-PM-450x231.jpeg\" alt=\"\" \/>\r\n\t\t\t<span class=\"zoom\" data-src=\"https:\/\/www.jcicdp.org\/es\/wp-content\/uploads\/2019\/09\/WhatsApp-Image-2019-09-06-at-3.54.13-PM.jpeg\" data-title=\"\"><i class=\"fas fa-search\"><\/i><\/span>\r\n\t\t<\/span> <\/span> <\/a>\r\n\t\t\t<div class=\"post-date\">\r\n\t\t<span class=\"day\">11<\/span><span class=\"month\">Sep<\/span><time datetime=\"2019-09-11\">11 septiembre, 2019<\/time>\t<\/div>\r\n\t\t\t<h4><a href=\"https:\/\/www.jcicdp.org\/es\/2019\/09\/11\/conferencia-de-lideres\/\">\r\n\t\tConferencia de L\u00edderes\t<\/a><\/h4>\r\n\t\t<div><p class=\"post-excerpt\">[vc_row][vc_column][vc_column_text]Este pr\u00f3ximo 18 de septiembre estaremos llevando a cabo esta conferencia ??No te la puedes perder! \u2728\r\nWorkshop dise\u00f1ado para que...  <a class=\"read-more\" href=\"https:\/\/www.jcicdp.org\/es\/2019\/09\/11\/conferencia-de-lideres\/\">read more <i class=\"fas fa-angle-right\"><\/i><\/a><\/p><\/div> <\/div>\r\n<\/div>\t<\/div>\r\n\t<\/div>[\/vc_column][\/vc_row]<\/p>\n<\/div>","protected":false},"excerpt":{"rendered":"<p>[vc_row][vc_column][\/vc_column][\/vc_row][vc_row wrap_container=\u00bbyes\u00bb is_section=\u00bbyes\u00bb section_skin=\u00bbparallax\u00bb remove_margin_top=\u00bbyes\u00bb remove_margin_bottom=\u00bbyes\u00bb][vc_column width=\u00bb1\/4&#8243;][vc_single_image image=\u00bb542&#8243; img_size=\u00bb255&#215;104&#8243; el_class=\u00bbm-b-md\u00bb][\/vc_column][vc_column width=\u00bb3\/4&#8243;][vc_custom_heading text=\u00bbSobre JCI De La Ciudad de Panam\u00e1\u00bb use_theme_fonts=\u00bbyes\u00bb el_class=\u00bbm-b-md\u00bb][vc_column_text] El 16 de marzo de 1943 se constituye una Junta Directiva provisional y el 23 de mayo de 1943 se constituye definitivamente la primera Junta Directiva y as\u00ed la primera Organizaci\u00f3n Local llamada en aquel [&hellip;]<\/p>\n","protected":false},"author":1,"featured_media":0,"parent":0,"menu_order":0,"comment_status":"closed","ping_status":"closed","template":"","meta":{"_exactmetrics_skip_tracking":false,"_exactmetrics_sitenote_active":false,"_exactmetrics_sitenote_note":"","_exactmetrics_sitenote_category":0,"footnotes":""},"class_list":["post-143","page","type-page","status-publish","hentry"],"_links":{"self":[{"href":"https:\/\/www.jcicdp.org\/es\/wp-json\/wp\/v2\/pages\/143","targetHints":{"allow":["GET"]}}],"collection":[{"href":"https:\/\/www.jcicdp.org\/es\/wp-json\/wp\/v2\/pages"}],"about":[{"href":"https:\/\/www.jcicdp.org\/es\/wp-json\/wp\/v2\/types\/page"}],"author":[{"embeddable":true,"href":"https:\/\/www.jcicdp.org\/es\/wp-json\/wp\/v2\/users\/1"}],"replies":[{"embeddable":true,"href":"https:\/\/www.jcicdp.org\/es\/wp-json\/wp\/v2\/comments?post=143"}],"version-history":[{"count":68,"href":"https:\/\/www.jcicdp.org\/es\/wp-json\/wp\/v2\/pages\/143\/revisions"}],"predecessor-version":[{"id":1028,"href":"https:\/\/www.jcicdp.org\/es\/wp-json\/wp\/v2\/pages\/143\/revisions\/1028"}],"wp:attachment":[{"href":"https:\/\/www.jcicdp.org\/es\/wp-json\/wp\/v2\/media?parent=143"}],"curies":[{"name":"wp","href":"https:\/\/api.w.org\/{rel}","templated":true}]}}